{"id":1124,"date":"2021-09-26T13:28:26","date_gmt":"2021-09-26T16:28:26","guid":{"rendered":"https:\/\/ceam.cdtc.unb.br\/index.php\/historias-cruzadas\/hcpg110_tania_maria-2\/"},"modified":"2021-09-27T09:07:25","modified_gmt":"2021-09-27T12:07:25","slug":"hcpg114_uruanan","status":"publish","type":"page","link":"https:\/\/memoria.ceam.unb.br\/index.php\/historias-cruzadas\/hcpg114_uruanan\/","title":{"rendered":"hcpg114_uruanan"},"content":{"rendered":"\n<div class=\"wp-block-image\"><figure class=\"aligncenter size-large\"><img loading=\"lazy\" decoding=\"async\" width=\"1024\" height=\"27\" src=\"https:\/\/ceam.cdtc.unb.br\/wp-content\/uploads\/2021\/09\/cabecalho01_historias_cruzadas-1024x27.jpg\" alt=\"\" class=\"wp-image-553\"\/><\/figure><\/div>\n\n\n<style id=\"kt-blocks_d0b9a0-28\">#kt-adv-heading_d0b9a0-28, #kt-adv-heading_d0b9a0-28 .wp-block-kadence-advancedheading, .wp-block-kadence-advancedheading.kt-adv-heading_d0b9a0-28[data-kb-block=\"kb-adv-heading_d0b9a0-28\"], .kadence-advanced-heading-wrapper .kt-adv-heading_d0b9a0-28[data-kb-block=\"kb-adv-heading_d0b9a0-28\"]{text-align:center;color:#167abe;}<\/style>\n<h5 class=\"kt-adv-heading_d0b9a0-28 wp-block-kadence-advancedheading\" data-kb-block=\"kb-adv-heading_d0b9a0-28\">Uruanan Jackson Henrique dos Santos<\/h5>\n\n\n\n<p><\/p>\n\n\n\n<div class=\"wp-block-image\"><figure class=\"aligncenter size-full is-resized\"><img loading=\"lazy\" decoding=\"async\" src=\"https:\/\/ceam.cdtc.unb.br\/wp-content\/uploads\/2021\/09\/uruanan.jpg\" alt=\"\" class=\"wp-image-551\" width=\"493\" height=\"329\"\/><\/figure><\/div>\n\n\n\n<div class=\"wp-block-columns is-layout-flex wp-container-core-columns-is-layout-9d6595d7 wp-block-columns-is-layout-flex\">\n<div class=\"wp-block-column is-layout-flow wp-block-column-is-layout-flow\" style=\"--col-width:15%;flex-basis:15%\"><\/div>\n\n\n\n<div class=\"wp-block-column is-layout-flow wp-block-column-is-layout-flow\" style=\"--col-width:110%;flex-basis:110%\">\n<p>Trabalhador terceirizado da Universidade de Bras\u00edlia. Nasceu j\u00e1 em Bras\u00edlia, com<br>seus pais vindos da Bahia. Sua hist\u00f3ria na Universidade de Bras\u00edlia come\u00e7a com uma interna\u00e7\u00e3o no Hospital Universit\u00e1rio de Bras\u00edlia, momento onde recebeu um convite para trabalhar na universidade. Hoje, h\u00e1 quase vinte anos atuando na insti tui\u00e7\u00e3o, pode-se dizer que \u00e9 parte da hist\u00f3ria dela. Viu alunos, professores, fam\u00edlias e gera\u00e7\u00f5es se desenvolverem, bem como a si mesmo. Relata que a universidade propiciou uma mudan\u00e7a em sua vida, e que hoje \u00e9 uma pessoa mais politi zada, cr\u00edti ca e realizada nas suas rela\u00e7\u00f5es.<\/p>\n<\/div>\n\n\n\n<div class=\"wp-block-column is-layout-flow wp-block-column-is-layout-flow\" style=\"--col-width:15%;flex-basis:15%\"><\/div>\n<\/div>\n\n\n\n<div class=\"wp-block-kadence-spacer aligncenter kt-block-spacer-_0f9710-60\"><div class=\"kt-block-spacer kt-block-spacer-halign-center\" style=\"height:25px\"><hr class=\"kt-divider\" style=\"border-top-color:#eee;border-top-width:1px;width:80%;border-top-style:solid\"\/><\/div><\/div>\n\n\n\n<div class=\"wp-block-columns is-layout-flex wp-container-core-columns-is-layout-9d6595d7 wp-block-columns-is-layout-flex\">\n<div class=\"wp-block-column is-layout-flow wp-block-column-is-layout-flow\" style=\"--col-width:25%;flex-basis:25%\"><style id=\"kt-blocks_7f6936-b9\">.kt-svg-icons_7f6936-b9 .kt-svg-item-0:hover .kt-svg-icon {color:#0F8B8D!important;}<\/style>\n<div class=\"wp-block-kadence-icon kt-svg-icons kt-svg-icons_7f6936-b9 alignnone\" style=\"text-align:center\"><div class=\"kt-svg-style-default kt-svg-icon-wrap kt-svg-item-0\"><a href=\"https:\/\/ceam.cdtc.unb.br\/index.php\/historias-cruzadas\/hcpg113_tania_mariadm\/\" class=\"kt-svg-icon-link\"><div style=\"display:inline-flex;justify-content:center;align-items:center;color:#444444\" class=\"kt-svg-icon kt-svg-icon-fe_arrowLeftCircle\"><svg style=\"display:inline-block;vertical-align:middle\" viewbox=\"0 0 24 24\" height=\"50\" width=\"50\" fill=\"none\" stroke=\"currentColor\" xmlns=\"http:\/\/www.w3.org\/2000\/svg\" stroke-width=\"2\" stroke-linecap=\"round\" stroke-linejoin=\"round\"><title>P\u00e1gina anterior<\/title><circle cx=\"12\" cy=\"12\" r=\"10\"><\/circle><polyline points=\"12 8 8 12 12 16\"><\/polyline><line x1=\"16\" y1=\"12\" x2=\"8\" y2=\"12\"><\/line><\/svg><\/div><\/a><\/div><\/div>\n<\/div>\n\n\n\n<div class=\"wp-block-column is-layout-flow wp-block-column-is-layout-flow\" style=\"--col-width:50%;flex-basis:50%\"><\/div>\n\n\n\n<div class=\"wp-block-column is-layout-flow wp-block-column-is-layout-flow\" style=\"--col-width:25%;flex-basis:25%\"><style id=\"kt-blocks_ca77cc-15\">.kt-svg-icons_ca77cc-15 .kt-svg-item-0:hover .kt-svg-icon {color:#0F8B8D!important;}<\/style>\n<div class=\"wp-block-kadence-icon kt-svg-icons kt-svg-icons_ca77cc-15 alignnone\" style=\"text-align:center\"><div class=\"kt-svg-style-default kt-svg-icon-wrap kt-svg-item-0\"><a href=\"https:\/\/ceam.cdtc.unb.br\/index.php\/historias-cruzadas\/hcpg115_uruanancpo\/\" class=\"kt-svg-icon-link\"><div style=\"display:inline-flex;justify-content:center;align-items:center;color:#444444\" class=\"kt-svg-icon kt-svg-icon-fe_arrowRightCircle\"><svg style=\"display:inline-block;vertical-align:middle\" viewbox=\"0 0 24 24\" height=\"50\" width=\"50\" fill=\"none\" stroke=\"currentColor\" xmlns=\"http:\/\/www.w3.org\/2000\/svg\" stroke-width=\"2\" stroke-linecap=\"round\" stroke-linejoin=\"round\"><title>Pr\u00f3xima P\u00e1gina<\/title><circle cx=\"12\" cy=\"12\" r=\"10\"><\/circle><polyline points=\"12 16 16 12 12 8\"><\/polyline><line x1=\"8\" y1=\"12\" x2=\"16\" y2=\"12\"><\/line><\/svg><\/div><\/a><\/div><\/div>\n<\/div>\n<\/div>\n","protected":false},"excerpt":{"rendered":"<p>Uruanan Jackson Henrique dos Santos Trabalhador \u2026 <\/p>\n","protected":false},"author":2,"featured_media":0,"parent":77,"menu_order":0,"comment_status":"closed","ping_status":"closed","template":"","meta":{"footnotes":""},"class_list":["post-1124","page","type-page","status-publish","hentry"],"_links":{"self":[{"href":"https:\/\/memoria.ceam.unb.br\/index.php\/wp-json\/wp\/v2\/pages\/1124","targetHints":{"allow":["GET"]}}],"collection":[{"href":"https:\/\/memoria.ceam.unb.br\/index.php\/wp-json\/wp\/v2\/pages"}],"about":[{"href":"https:\/\/memoria.ceam.unb.br\/index.php\/wp-json\/wp\/v2\/types\/page"}],"author":[{"embeddable":true,"href":"https:\/\/memoria.ceam.unb.br\/index.php\/wp-json\/wp\/v2\/users\/2"}],"replies":[{"embeddable":true,"href":"https:\/\/memoria.ceam.unb.br\/index.php\/wp-json\/wp\/v2\/comments?post=1124"}],"version-history":[{"count":4,"href":"https:\/\/memoria.ceam.unb.br\/index.php\/wp-json\/wp\/v2\/pages\/1124\/revisions"}],"predecessor-version":[{"id":1229,"href":"https:\/\/memoria.ceam.unb.br\/index.php\/wp-json\/wp\/v2\/pages\/1124\/revisions\/1229"}],"up":[{"embeddable":true,"href":"https:\/\/memoria.ceam.unb.br\/index.php\/wp-json\/wp\/v2\/pages\/77"}],"wp:attachment":[{"href":"https:\/\/memoria.ceam.unb.br\/index.php\/wp-json\/wp\/v2\/media?parent=1124"}],"curies":[{"name":"wp","href":"https:\/\/api.w.org\/{rel}","templated":true}]}}