{"id":237,"date":"2021-09-16T17:14:08","date_gmt":"2021-09-16T20:14:08","guid":{"rendered":"https:\/\/ceam.cdtc.unb.br\/?page_id=237"},"modified":"2021-09-22T15:32:54","modified_gmt":"2021-09-22T18:32:54","slug":"hcpg4-apresentacao-parte2","status":"publish","type":"page","link":"https:\/\/memoria.ceam.unb.br\/index.php\/historias-cruzadas\/hcpg4-apresentacao-parte2\/","title":{"rendered":"hcpg4 &#8211; Apresenta\u00e7\u00e3o parte2"},"content":{"rendered":"\n<div class=\"wp-block-image\"><figure class=\"aligncenter size-large\"><img loading=\"lazy\" decoding=\"async\" width=\"1024\" height=\"27\" src=\"https:\/\/ceam.cdtc.unb.br\/wp-content\/uploads\/2021\/09\/cabecalho02_historias_cruzadas-1024x27.jpg\" alt=\"\" class=\"wp-image-554\"\/><\/figure><\/div>\n\n\n\n<div class=\"wp-block-columns is-layout-flex wp-container-core-columns-is-layout-9d6595d7 wp-block-columns-is-layout-flex\">\n<div class=\"wp-block-column is-layout-flow wp-block-column-is-layout-flow\" style=\"--col-width:10%;flex-basis:10%\"><\/div>\n\n\n\n<div class=\"wp-block-column is-layout-flow wp-block-column-is-layout-flow\" style=\"--col-width:150%;flex-basis:150%\">\n<p>e de livro eletr\u00f4nico. As informa\u00e7\u00f5es para o projeto foram obtidas pelo m\u00e9todo de Research Desk, mas acima de tudo a partir de pessoas que prestaram depoimentos sobre a biografia das pessoas homenageadas, baseadas em suas rela\u00e7\u00f5es acad\u00eamicas e\/ou afetivas com elas.<\/p>\n\n\n\n<p><br>Compartilhando conosco mem\u00f3rias e reminisc\u00eancias de hist\u00f3rias, em depoimentos que descrevem percep\u00e7\u00f5es sobre os cruzamentos entre a biografia e a hist\u00f3ria da cidade de Bras\u00edlia, nos permitiram captar movimentos que constituem as hist\u00f3rias pessoais, da universidade e da cidade. Recebemos tamb\u00e9m depoimentos em v\u00eddeos de curta dura\u00e7\u00e3o, realizados de maneira artesanal, e em cartas, fotos e outros registros<br>imag\u00e9ticos que comp\u00f5em um reposit\u00f3rio que transcende o espa\u00e7o deste livro.<\/p>\n\n\n\n<p><br>A riqueza de um projeto que visa construir uma cultura de registro da mem\u00f3ria da nossa Bras\u00edlia Metropolitana e da nossa universidade \u00e9 homenagem adequada n\u00e3o s\u00f3 aos recentes 60 anos de Bras\u00edlia, comemorados em 2020, mas tamb\u00e9m aos 35 anos do Centro de Estudos Avan\u00e7ados Multidisciplinares, celebrados neste ano de 2021. No ano em que nosso projeto institucional remete \u00e0 Mem\u00f3ria do CEAM e \u00e0 constru\u00e7\u00e3o de um reposit\u00f3rio de mem\u00f3ria, nada mais adequado que iniciar por este livro, constru\u00eddo a tantas m\u00e3os, com m\u00faltiplos olhares e atravessamentos.<\/p>\n\n\n\n<p><br>A maior parte dos textos que ora trazemos \u00e0 luz foi produzida gra\u00e7as a oficinas de escrita criativa, conduzidas pela professora Ana Vieira, em que nos debru\u00e7amos sobre essas vidas como se fossem personagens para nossa imagina\u00e7\u00e3o. Cruzamos suas hist\u00f3rias com nossas mem\u00f3rias, suas conquistas com nossos olhares, e assim constru\u00edmos o ambiente \u00edntimo em que os textos puderam nascer cheios de afeto e reconhecimento. Outros textos tamb\u00e9m reunidos aqui nos foram enviados como amorosas cartas de pessoas amigas que tamb\u00e9m queriam se unir a n\u00f3s nesta homenagem. Decidimos tamb\u00e9m trazer suas vozes, porque belas, porque prenhes de mem\u00f3ria, ricas da hist\u00f3ria<br>vivida e compartilhada.<\/p>\n<\/div>\n\n\n\n<div class=\"wp-block-column is-layout-flow wp-block-column-is-layout-flow\" style=\"--col-width:10%;flex-basis:10%\"><\/div>\n<\/div>\n\n\n\n<div class=\"wp-block-columns is-layout-flex wp-container-core-columns-is-layout-9d6595d7 wp-block-columns-is-layout-flex\">\n<div class=\"wp-block-column is-layout-flow wp-block-column-is-layout-flow\" style=\"--col-width:10%;flex-basis:10%\"><\/div>\n\n\n\n<div class=\"wp-block-column is-layout-flow wp-block-column-is-layout-flow\" style=\"--col-width:100%;flex-basis:100%\">\n<p class=\"has-text-align-right\"><strong><em>Leides Barroso Azevedo Moura e Viviane de Melo Resende<\/em><\/strong><\/p>\n<\/div>\n\n\n\n<div class=\"wp-block-column is-layout-flow wp-block-column-is-layout-flow\" style=\"--col-width:10%;flex-basis:10%\"><\/div>\n<\/div>\n\n\n\n<div class=\"wp-block-kadence-spacer aligncenter kt-block-spacer-_ac219f-42\"><div class=\"kt-block-spacer kt-block-spacer-halign-center\" style=\"height:25px\"><hr class=\"kt-divider\" style=\"border-top-color:#eee;border-top-width:1px;width:80%;border-top-style:solid\"\/><\/div><\/div>\n\n\n\n<div class=\"wp-block-columns is-layout-flex wp-container-core-columns-is-layout-9d6595d7 wp-block-columns-is-layout-flex\">\n<div class=\"wp-block-column is-layout-flow wp-block-column-is-layout-flow\" style=\"--col-width:25%;flex-basis:25%\"><style id=\"kt-blocks_f6d8b8-82\">.kt-svg-icons_f6d8b8-82 .kt-svg-item-0:hover .kt-svg-icon {color:#0F8B8D!important;}<\/style>\n<div class=\"wp-block-kadence-icon kt-svg-icons kt-svg-icons_f6d8b8-82 alignnone\" style=\"text-align:center\"><div class=\"kt-svg-style-default kt-svg-icon-wrap kt-svg-item-0\"><a href=\"https:\/\/ceam.cdtc.unb.br\/index.php\/historias-cruzadas\/hcpg3-apresentacao-parte1\/\" class=\"kt-svg-icon-link\"><div style=\"display:inline-flex;justify-content:center;align-items:center;color:#444444\" class=\"kt-svg-icon kt-svg-icon-fe_arrowLeftCircle\"><svg style=\"display:inline-block;vertical-align:middle\" viewbox=\"0 0 24 24\" height=\"50\" width=\"50\" fill=\"none\" stroke=\"currentColor\" xmlns=\"http:\/\/www.w3.org\/2000\/svg\" stroke-width=\"2\" stroke-linecap=\"round\" stroke-linejoin=\"round\"><title>P\u00e1gina anterior<\/title><circle cx=\"12\" cy=\"12\" r=\"10\"><\/circle><polyline points=\"12 8 8 12 12 16\"><\/polyline><line x1=\"16\" y1=\"12\" x2=\"8\" y2=\"12\"><\/line><\/svg><\/div><\/a><\/div><\/div>\n<\/div>\n\n\n\n<div class=\"wp-block-column is-layout-flow wp-block-column-is-layout-flow\" style=\"--col-width:50%;flex-basis:50%\"><\/div>\n\n\n\n<div class=\"wp-block-column is-layout-flow wp-block-column-is-layout-flow\" style=\"--col-width:25%;flex-basis:25%\"><style id=\"kt-blocks_0d602b-2e\">.kt-svg-icons_0d602b-2e .kt-svg-item-0:hover .kt-svg-icon {color:#0F8B8D!important;}<\/style>\n<div class=\"wp-block-kadence-icon kt-svg-icons kt-svg-icons_0d602b-2e alignnone\" style=\"text-align:center\"><div class=\"kt-svg-style-default kt-svg-icon-wrap kt-svg-item-0\"><a href=\"https:\/\/ceam.cdtc.unb.br\/index.php\/hcpg5-ilustra3\/\" class=\"kt-svg-icon-link\"><div style=\"display:inline-flex;justify-content:center;align-items:center;color:#444444\" class=\"kt-svg-icon kt-svg-icon-fe_arrowRightCircle\"><svg style=\"display:inline-block;vertical-align:middle\" viewbox=\"0 0 24 24\" height=\"50\" width=\"50\" fill=\"none\" stroke=\"currentColor\" xmlns=\"http:\/\/www.w3.org\/2000\/svg\" stroke-width=\"2\" stroke-linecap=\"round\" stroke-linejoin=\"round\" aria-hidden=\"true\"><circle cx=\"12\" cy=\"12\" r=\"10\"><\/circle><polyline points=\"12 16 16 12 12 8\"><\/polyline><line x1=\"8\" y1=\"12\" x2=\"16\" y2=\"12\"><\/line><\/svg><\/div><\/a><\/div><\/div>\n<\/div>\n<\/div>\n","protected":false},"excerpt":{"rendered":"<p>e de livro eletr\u00f4nico. As informa\u00e7\u00f5es \u2026 <\/p>\n","protected":false},"author":1,"featured_media":0,"parent":77,"menu_order":0,"comment_status":"closed","ping_status":"closed","template":"","meta":{"footnotes":""},"class_list":["post-237","page","type-page","status-publish","hentry"],"_links":{"self":[{"href":"https:\/\/memoria.ceam.unb.br\/index.php\/wp-json\/wp\/v2\/pages\/237","targetHints":{"allow":["GET"]}}],"collection":[{"href":"https:\/\/memoria.ceam.unb.br\/index.php\/wp-json\/wp\/v2\/pages"}],"about":[{"href":"https:\/\/memoria.ceam.unb.br\/index.php\/wp-json\/wp\/v2\/types\/page"}],"author":[{"embeddable":true,"href":"https:\/\/memoria.ceam.unb.br\/index.php\/wp-json\/wp\/v2\/users\/1"}],"replies":[{"embeddable":true,"href":"https:\/\/memoria.ceam.unb.br\/index.php\/wp-json\/wp\/v2\/comments?post=237"}],"version-history":[{"count":12,"href":"https:\/\/memoria.ceam.unb.br\/index.php\/wp-json\/wp\/v2\/pages\/237\/revisions"}],"predecessor-version":[{"id":558,"href":"https:\/\/memoria.ceam.unb.br\/index.php\/wp-json\/wp\/v2\/pages\/237\/revisions\/558"}],"up":[{"embeddable":true,"href":"https:\/\/memoria.ceam.unb.br\/index.php\/wp-json\/wp\/v2\/pages\/77"}],"wp:attachment":[{"href":"https:\/\/memoria.ceam.unb.br\/index.php\/wp-json\/wp\/v2\/media?parent=237"}],"curies":[{"name":"wp","href":"https:\/\/api.w.org\/{rel}","templated":true}]}}