{"id":421,"date":"2021-09-20T19:05:55","date_gmt":"2021-09-20T22:05:55","guid":{"rendered":"https:\/\/ceam.cdtc.unb.br\/index.php\/historias-cruzadas\/hcpg8_aldo_pavianidm-2\/"},"modified":"2021-09-22T15:48:16","modified_gmt":"2021-09-22T18:48:16","slug":"hcp9_aldo_pavianimn","status":"publish","type":"page","link":"https:\/\/memoria.ceam.unb.br\/index.php\/historias-cruzadas\/hcp9_aldo_pavianimn\/","title":{"rendered":"hcpg9_aldo_pavianiMN"},"content":{"rendered":"\n<div class=\"wp-block-image\"><figure class=\"aligncenter size-large\"><img loading=\"lazy\" decoding=\"async\" width=\"1024\" height=\"27\" src=\"https:\/\/ceam.cdtc.unb.br\/wp-content\/uploads\/2021\/09\/cabecalho01_historias_cruzadas-1024x27.jpg\" alt=\"\" class=\"wp-image-553\"\/><\/figure><\/div>\n\n\n\n<figure class=\"wp-block-audio aligncenter\"><audio controls src=\"https:\/\/ceam.cdtc.unb.br\/wp-content\/uploads\/2021\/09\/Aldo-Paviani-Monica-Nogueira-1.mp3\"><\/audio><\/figure>\n\n\n<style id=\"kt-blocks_75a55c-ab\">#kt-adv-heading_75a55c-ab, #kt-adv-heading_75a55c-ab .wp-block-kadence-advancedheading, .wp-block-kadence-advancedheading.kt-adv-heading_75a55c-ab[data-kb-block=\"kb-adv-heading_75a55c-ab\"], .kadence-advanced-heading-wrapper .kt-adv-heading_75a55c-ab[data-kb-block=\"kb-adv-heading_75a55c-ab\"]{text-align:center;color:#167abe;}<\/style>\n<h5 class=\"kt-adv-heading_75a55c-ab wp-block-kadence-advancedheading\" data-kb-block=\"kb-adv-heading_75a55c-ab\">O Ge\u00f3grafo e a Cidade &#8211; Por M\u00f4nica Nogueira<\/h5>\n\n\n\n<p><\/p>\n\n\n\n<div class=\"wp-block-columns is-layout-flex wp-container-core-columns-is-layout-9d6595d7 wp-block-columns-is-layout-flex\">\n<div class=\"wp-block-column is-layout-flow wp-block-column-is-layout-flow\" style=\"--col-width:25%;flex-basis:25%\"><\/div>\n\n\n\n<div class=\"wp-block-column is-layout-flow wp-block-column-is-layout-flow\" style=\"--col-width:100%;flex-basis:100%\">\n<p class=\"has-text-align-center\">imaginadas<br>cidades invis\u00edveis<br>fascinam o escritor Calvino<\/p>\n\n\n\n<p class=\"has-text-align-center\"><br>planejadas<br>cidades inveross\u00edmeis<br>desafiam o ge\u00f3grafo Paviani<\/p>\n\n\n\n<p class=\"has-text-align-center\"><br>quo vadis Bras\u00edlia?<\/p>\n\n\n\n<p class=\"has-text-align-center\"><br>arqueie-se um de seus eixos<br>avancem linhas em feixes<br>tramas aut\u00f4nomas<br>sobre o Planalto Central<\/p>\n\n\n\n<p class=\"has-text-align-center\"><br>quo vadis Bras\u00edlia?<\/p>\n\n\n\n<p class=\"has-text-align-center\"><br>cambiante<br>a geometria submerge<br>no emaranhado de vidas humanas<\/p>\n\n\n\n<p class=\"has-text-align-center\"><br>sem esquinas<br>sem entornos<br>a cidade e seus assombros<\/p>\n\n\n\n<p class=\"has-text-align-center\"><br>quo vadis Bras\u00edlia?<\/p>\n\n\n\n<p class=\"has-text-align-center\"><br>\u00e9s utopia<br>e flagelo dos mais pobres<br>\u00e9s esperan\u00e7a<br>e incerteza do porvir<\/p>\n\n\n\n<p class=\"has-text-align-center\"><br>quo vadis Bras\u00edlia?<\/p>\n\n\n\n<p class=\"has-text-align-center\"><br>cidade incompleta<br>tensiona os limites<\/p>\n\n\n\n<p class=\"has-text-align-center\"><br>cidade inventada<br>contraria o plano<\/p>\n\n\n\n<p class=\"has-text-align-center\"><br>pergunta o ge\u00f3grafo,<br>feito urbanista por ela:<\/p>\n\n\n\n<p class=\"has-text-align-center\"><br>quo vadis Bras\u00edlia?<\/p>\n<\/div>\n\n\n\n<div class=\"wp-block-column is-layout-flow wp-block-column-is-layout-flow\" style=\"--col-width:25%;flex-basis:25%\"><\/div>\n<\/div>\n\n\n\n<div class=\"wp-block-kadence-spacer aligncenter kt-block-spacer-_719787-fe\"><div class=\"kt-block-spacer kt-block-spacer-halign-center\" style=\"height:25px\"><hr class=\"kt-divider\" style=\"border-top-color:#eee;border-top-width:1px;width:80%;border-top-style:solid\"\/><\/div><\/div>\n\n\n\n<div class=\"wp-block-columns is-layout-flex wp-container-core-columns-is-layout-9d6595d7 wp-block-columns-is-layout-flex\">\n<div class=\"wp-block-column is-layout-flow wp-block-column-is-layout-flow\" style=\"--col-width:25%;flex-basis:25%\"><style id=\"kt-blocks_c0e94d-9e\">.kt-svg-icons_c0e94d-9e .kt-svg-item-0:hover .kt-svg-icon {color:#0F8B8D!important;}<\/style>\n<div class=\"wp-block-kadence-icon kt-svg-icons kt-svg-icons_c0e94d-9e alignnone\" style=\"text-align:center\"><div class=\"kt-svg-style-default kt-svg-icon-wrap kt-svg-item-0\"><a href=\"https:\/\/ceam.cdtc.unb.br\/index.php\/historias-cruzadas\/hcpg8_aldo_pavianidm\/\" class=\"kt-svg-icon-link\"><div style=\"display:inline-flex;justify-content:center;align-items:center;color:#444444\" class=\"kt-svg-icon kt-svg-icon-fe_arrowLeftCircle\"><svg style=\"display:inline-block;vertical-align:middle\" viewbox=\"0 0 24 24\" height=\"50\" width=\"50\" fill=\"none\" stroke=\"currentColor\" xmlns=\"http:\/\/www.w3.org\/2000\/svg\" stroke-width=\"2\" stroke-linecap=\"round\" stroke-linejoin=\"round\"><title>P\u00e1gina Anterior<\/title><circle cx=\"12\" cy=\"12\" r=\"10\"><\/circle><polyline points=\"12 8 8 12 12 16\"><\/polyline><line x1=\"16\" y1=\"12\" x2=\"8\" y2=\"12\"><\/line><\/svg><\/div><\/a><\/div><\/div>\n<\/div>\n\n\n\n<div class=\"wp-block-column is-layout-flow wp-block-column-is-layout-flow\" style=\"--col-width:50%;flex-basis:50%\"><\/div>\n\n\n\n<div class=\"wp-block-column is-layout-flow wp-block-column-is-layout-flow\" style=\"--col-width:25%;flex-basis:25%\"><style id=\"kt-blocks_e51fb2-60\">.kt-svg-icons_e51fb2-60 .kt-svg-item-0:hover .kt-svg-icon {color:#0F8B8D!important;}<\/style>\n<div class=\"wp-block-kadence-icon kt-svg-icons kt-svg-icons_e51fb2-60 alignnone\" style=\"text-align:center\"><div class=\"kt-svg-style-default kt-svg-icon-wrap kt-svg-item-0\"><a href=\"https:\/\/ceam.cdtc.unb.br\/index.php\/historias-cruzadas\/hcpg10_aldo_paviani_rfcarta\/\" class=\"kt-svg-icon-link\"><div style=\"display:inline-flex;justify-content:center;align-items:center;color:#444444\" class=\"kt-svg-icon kt-svg-icon-fe_arrowRightCircle\"><svg style=\"display:inline-block;vertical-align:middle\" viewbox=\"0 0 24 24\" height=\"50\" width=\"50\" fill=\"none\" stroke=\"currentColor\" xmlns=\"http:\/\/www.w3.org\/2000\/svg\" stroke-width=\"2\" stroke-linecap=\"round\" stroke-linejoin=\"round\"><title>Pr\u00f3xima P\u00e1gina<\/title><circle cx=\"12\" cy=\"12\" r=\"10\"><\/circle><polyline points=\"12 16 16 12 12 8\"><\/polyline><line x1=\"8\" y1=\"12\" x2=\"16\" y2=\"12\"><\/line><\/svg><\/div><\/a><\/div><\/div>\n<\/div>\n<\/div>\n","protected":false},"excerpt":{"rendered":"<p>O Ge\u00f3grafo e a Cidade &#8211; \u2026 <\/p>\n","protected":false},"author":1,"featured_media":0,"parent":77,"menu_order":0,"comment_status":"closed","ping_status":"closed","template":"","meta":{"footnotes":""},"class_list":["post-421","page","type-page","status-publish","hentry"],"_links":{"self":[{"href":"https:\/\/memoria.ceam.unb.br\/index.php\/wp-json\/wp\/v2\/pages\/421","targetHints":{"allow":["GET"]}}],"collection":[{"href":"https:\/\/memoria.ceam.unb.br\/index.php\/wp-json\/wp\/v2\/pages"}],"about":[{"href":"https:\/\/memoria.ceam.unb.br\/index.php\/wp-json\/wp\/v2\/types\/page"}],"author":[{"embeddable":true,"href":"https:\/\/memoria.ceam.unb.br\/index.php\/wp-json\/wp\/v2\/users\/1"}],"replies":[{"embeddable":true,"href":"https:\/\/memoria.ceam.unb.br\/index.php\/wp-json\/wp\/v2\/comments?post=421"}],"version-history":[{"count":7,"href":"https:\/\/memoria.ceam.unb.br\/index.php\/wp-json\/wp\/v2\/pages\/421\/revisions"}],"predecessor-version":[{"id":568,"href":"https:\/\/memoria.ceam.unb.br\/index.php\/wp-json\/wp\/v2\/pages\/421\/revisions\/568"}],"up":[{"embeddable":true,"href":"https:\/\/memoria.ceam.unb.br\/index.php\/wp-json\/wp\/v2\/pages\/77"}],"wp:attachment":[{"href":"https:\/\/memoria.ceam.unb.br\/index.php\/wp-json\/wp\/v2\/media?parent=421"}],"curies":[{"name":"wp","href":"https:\/\/api.w.org\/{rel}","templated":true}]}}