{"id":433,"date":"2021-09-20T19:21:41","date_gmt":"2021-09-20T22:21:41","guid":{"rendered":"https:\/\/ceam.cdtc.unb.br\/index.php\/historias-cruzadas\/hcpg8_aldo_pavianidm-2\/"},"modified":"2021-09-26T17:20:54","modified_gmt":"2021-09-26T20:20:54","slug":"hcpg10_aldo_paviani_rfcarta","status":"publish","type":"page","link":"https:\/\/memoria.ceam.unb.br\/index.php\/historias-cruzadas\/hcpg10_aldo_paviani_rfcarta\/","title":{"rendered":"hcpg10_aldo_paviani_RFcarta"},"content":{"rendered":"\n<div class=\"wp-block-image\"><figure class=\"aligncenter size-large\"><img loading=\"lazy\" decoding=\"async\" width=\"1024\" height=\"27\" src=\"https:\/\/ceam.cdtc.unb.br\/wp-content\/uploads\/2021\/09\/cabecalho02_historias_cruzadas-1024x27.jpg\" alt=\"\" class=\"wp-image-554\"\/><\/figure><\/div>\n\n\n<style id=\"kt-blocks_e6a06f-69\">#kt-adv-heading_e6a06f-69, #kt-adv-heading_e6a06f-69 .wp-block-kadence-advancedheading, .wp-block-kadence-advancedheading.kt-adv-heading_e6a06f-69[data-kb-block=\"kb-adv-heading_e6a06f-69\"], .kadence-advanced-heading-wrapper .kt-adv-heading_e6a06f-69[data-kb-block=\"kb-adv-heading_e6a06f-69\"]{text-align:center;color:#167abe;}<\/style>\n<h5 class=\"kt-adv-heading_e6a06f-69 wp-block-kadence-advancedheading\" data-kb-block=\"kb-adv-heading_e6a06f-69\">Aldo Paviani &#8211; CARTA DE UM AMIGO por Ricardo Farret<kbd>                               <\/kbd><\/h5>\n\n\n\n<p><\/p>\n\n\n\n<p><\/p>\n\n\n\n<div class=\"wp-block-columns is-layout-flex wp-container-core-columns-is-layout-9d6595d7 wp-block-columns-is-layout-flex\">\n<div class=\"wp-block-column is-layout-flow wp-block-column-is-layout-flow\" style=\"--col-width:5%;flex-basis:5%\"><\/div>\n\n\n\n<div class=\"wp-block-column is-layout-flow wp-block-column-is-layout-flow\" style=\"--col-width:110%;flex-basis:110%\">\n<p>Apesar de ter ido residir em Santa Maria, RS, minha cidade natal, onde Aldo Paviani foi residir por for\u00e7a de um amoroso casamento, s\u00f3 fui conhec\u00ea-lo na Universidade de Bras\u00edlia, alguns anos depois de minha chegada \u00e0 Capital Federal. Isto porque, Aldo chegou a Santa Maria, quando de l\u00e1 j\u00e1 havia sa\u00eddo para estudar Arquitetura e Urbanismo, em Porto Alegre.<\/p>\n\n\n\n<p><br>Em outubro de 1968, quando vim para a UnB, na esteira do projeto de reabertura da Faculdade de Arquitetura e Urbanismo da UnB \u2013 ent\u00e3o vinculada ao Instituto Central de Artes \u2013 havia entre as comunidades docente e discente a vis\u00e3o predominante da arquitetura como obra isolada, poderosa e explicativa em si mesma. Passados os primeiros anos, fomos criando a vis\u00e3o de que os contextos sociais onde a obra de arquitetura se insere \u2013 a Cidade e a Regi\u00e3o \u2013 eram, mais que um pano de fundo, mas inst\u00e2ncias importantes para a plena realiza\u00e7\u00e3o e usufruto dos espa\u00e7os arquitet\u00f4nicos.<\/p>\n\n\n\n<p><br>No in\u00edcio dos anos 1970, tendo a UnB uma popula\u00e7\u00e3o ainda pequena em rela\u00e7\u00e3o ao que \u00e9 hoje, j\u00e1 inici\u00e1vamos alguns trabalhos de natureza interdisciplinar \u2013 sem a for\u00e7a que a express\u00e3o hoje apresenta , particularmente em associa\u00e7\u00e3o com colega do Departamento de Economia. Nesta \u00e9poca, chega \u00e0 UnB, o professor Aldo Paviani, vinculado ao Departamento de Geografia, imbu\u00eddo desta mesma preocupa\u00e7\u00e3o: a interdisciplinaridade.<\/p>\n\n\n\n<p><br>Desde ent\u00e3o, e por longos e frut\u00edferos anos, tive a oportunidade de realizar in\u00fameros trabalhos com a parceria do Aldo. Entend\u00edamos, como hoje, que o contexto socioecon\u00f4mico s\u00f3 se realiza no territ\u00f3rio e, portanto, \u00e9 uma inst\u00e2ncia indissoci\u00e1vel \u2013 mas n\u00e3o fetichista &#8211; da organiza\u00e7\u00e3o das comunidades. Aldo sempre pregando a necessidade da interdisciplinaridade, foi um prof\u00edcuo difusor dessas ideias, com in\u00fameros livros e artigos autorais e\/ou por ele organizados, al\u00e9m de ser um dos criadores do NEUR &#8211; N\u00facleo de Estudos Urbanos e Regionais, com o objetivo principal (talvez hoje esquecido) de reunir a comunidade acad\u00eamica \u00e0 comunidade cient\u00edfica de Bras\u00edlia, dispersa na m\u00e1quina burocr\u00e1tica do setor p\u00fablico.<\/p>\n\n\n\n<p><br>Aldo, tamb\u00e9m professor aposentado da UnB, continua a movimentar a sua produ\u00e7\u00e3o, com marca\u00e7\u00e3o implac\u00e1vel em rela\u00e7\u00e3o \u00e0  interdisciplinaridade e a \u2026 prazos! Mas engana-se quem pensa que as nossas aposentadorias acabaram com a parceria. A interdisciplinaridade continua na pauta, hoje com nossos encontros semanais, onde um pequeno grupo de amigos e colegas, acompanhados de um vinho honesto, \u201cpassamos em revista\u201d as quest\u00f5es urbano-territoriais do Pa\u00eds, ampliadas com a inclus\u00e3o do (sombrio) contexto socioecon\u00f4mico do Pa\u00eds. Muitas vezes, \u00e9 claro, com vis\u00f5es divergentes, mas sempre com o respeito \u00e0s diferen\u00e7as ideol\u00f3gicas e factuais.<\/p>\n\n\n\n<p><br>Muitos anos mais para todo este cen\u00e1rio, \u00e9 o que desejo acima de tudo!<\/p>\n\n\n\n<p><br><strong><em>Ricardo Farret<br>Professor (aposentado) da FAU\/UnB.<\/em><\/strong><\/p>\n<\/div>\n\n\n\n<div class=\"wp-block-column is-layout-flow wp-block-column-is-layout-flow\" style=\"--col-width:5%;flex-basis:5%\"><\/div>\n<\/div>\n\n\n\n<p><\/p>\n\n\n\n<div class=\"wp-block-kadence-spacer aligncenter kt-block-spacer-_719787-fe\"><div class=\"kt-block-spacer kt-block-spacer-halign-center\" style=\"height:25px\"><hr class=\"kt-divider\" style=\"border-top-color:#eee;border-top-width:1px;width:80%;border-top-style:solid\"\/><\/div><\/div>\n\n\n\n<div class=\"wp-block-columns is-layout-flex wp-container-core-columns-is-layout-9d6595d7 wp-block-columns-is-layout-flex\">\n<div class=\"wp-block-column is-layout-flow wp-block-column-is-layout-flow\" style=\"--col-width:25%;flex-basis:25%\"><style id=\"kt-blocks_c0e94d-9e\">.kt-svg-icons_c0e94d-9e .kt-svg-item-0:hover .kt-svg-icon {color:#0F8B8D!important;}<\/style>\n<div class=\"wp-block-kadence-icon kt-svg-icons kt-svg-icons_c0e94d-9e alignnone\" style=\"text-align:center\"><div class=\"kt-svg-style-default kt-svg-icon-wrap kt-svg-item-0\"><a href=\"https:\/\/ceam.cdtc.unb.br\/index.php\/historias-cruzadas\/hcpg7-aldo_pavianitfm\/https:\/\/ceam.cdtc.unb.br\/index.php\/historias-cruzadas\/hcp9_aldo_pavianimn\/\" class=\"kt-svg-icon-link\"><div style=\"display:inline-flex;justify-content:center;align-items:center;color:#444444\" class=\"kt-svg-icon kt-svg-icon-fe_arrowLeftCircle\"><svg style=\"display:inline-block;vertical-align:middle\" viewbox=\"0 0 24 24\" height=\"50\" width=\"50\" fill=\"none\" stroke=\"currentColor\" xmlns=\"http:\/\/www.w3.org\/2000\/svg\" stroke-width=\"2\" stroke-linecap=\"round\" stroke-linejoin=\"round\"><title>P\u00e1gina Anterior<\/title><circle cx=\"12\" cy=\"12\" r=\"10\"><\/circle><polyline points=\"12 8 8 12 12 16\"><\/polyline><line x1=\"16\" y1=\"12\" x2=\"8\" y2=\"12\"><\/line><\/svg><\/div><\/a><\/div><\/div>\n<\/div>\n\n\n\n<div class=\"wp-block-column is-layout-flow wp-block-column-is-layout-flow\" style=\"--col-width:50%;flex-basis:50%\"><\/div>\n\n\n\n<div class=\"wp-block-column is-layout-flow wp-block-column-is-layout-flow\" style=\"--col-width:25%;flex-basis:25%\"><style id=\"kt-blocks_e51fb2-60\">.kt-svg-icons_e51fb2-60 .kt-svg-item-0:hover .kt-svg-icon {color:#0F8B8D!important;}<\/style>\n<div class=\"wp-block-kadence-icon kt-svg-icons kt-svg-icons_e51fb2-60 alignnone\" style=\"text-align:center\"><div class=\"kt-svg-style-default kt-svg-icon-wrap kt-svg-item-0\"><a href=\"https:\/\/ceam.cdtc.unb.br\/index.php\/historias-cruzadas\/hcpg11-bernardo-mota\/\" class=\"kt-svg-icon-link\"><div style=\"display:inline-flex;justify-content:center;align-items:center;color:#444444\" class=\"kt-svg-icon kt-svg-icon-fe_arrowRightCircle\"><svg style=\"display:inline-block;vertical-align:middle\" viewbox=\"0 0 24 24\" height=\"50\" width=\"50\" fill=\"none\" stroke=\"currentColor\" xmlns=\"http:\/\/www.w3.org\/2000\/svg\" stroke-width=\"2\" stroke-linecap=\"round\" stroke-linejoin=\"round\"><title>Pr\u00f3xima P\u00e1gina<\/title><circle cx=\"12\" cy=\"12\" r=\"10\"><\/circle><polyline points=\"12 16 16 12 12 8\"><\/polyline><line x1=\"8\" y1=\"12\" x2=\"16\" y2=\"12\"><\/line><\/svg><\/div><\/a><\/div><\/div>\n<\/div>\n<\/div>\n","protected":false},"excerpt":{"rendered":"<p>Aldo Paviani &#8211; CARTA DE UM \u2026 <\/p>\n","protected":false},"author":1,"featured_media":0,"parent":77,"menu_order":0,"comment_status":"closed","ping_status":"closed","template":"","meta":{"footnotes":""},"class_list":["post-433","page","type-page","status-publish","hentry"],"_links":{"self":[{"href":"https:\/\/memoria.ceam.unb.br\/index.php\/wp-json\/wp\/v2\/pages\/433","targetHints":{"allow":["GET"]}}],"collection":[{"href":"https:\/\/memoria.ceam.unb.br\/index.php\/wp-json\/wp\/v2\/pages"}],"about":[{"href":"https:\/\/memoria.ceam.unb.br\/index.php\/wp-json\/wp\/v2\/types\/page"}],"author":[{"embeddable":true,"href":"https:\/\/memoria.ceam.unb.br\/index.php\/wp-json\/wp\/v2\/users\/1"}],"replies":[{"embeddable":true,"href":"https:\/\/memoria.ceam.unb.br\/index.php\/wp-json\/wp\/v2\/comments?post=433"}],"version-history":[{"count":16,"href":"https:\/\/memoria.ceam.unb.br\/index.php\/wp-json\/wp\/v2\/pages\/433\/revisions"}],"predecessor-version":[{"id":1168,"href":"https:\/\/memoria.ceam.unb.br\/index.php\/wp-json\/wp\/v2\/pages\/433\/revisions\/1168"}],"up":[{"embeddable":true,"href":"https:\/\/memoria.ceam.unb.br\/index.php\/wp-json\/wp\/v2\/pages\/77"}],"wp:attachment":[{"href":"https:\/\/memoria.ceam.unb.br\/index.php\/wp-json\/wp\/v2\/media?parent=433"}],"curies":[{"name":"wp","href":"https:\/\/api.w.org\/{rel}","templated":true}]}}