{"id":738,"date":"2021-09-23T15:02:36","date_gmt":"2021-09-23T18:02:36","guid":{"rendered":"https:\/\/ceam.cdtc.unb.br\/index.php\/historias-cruzadas\/hcpg38_fabio_felixym-2\/"},"modified":"2021-09-26T17:57:43","modified_gmt":"2021-09-26T20:57:43","slug":"hcpg41_isaac_roitmanmn","status":"publish","type":"page","link":"https:\/\/memoria.ceam.unb.br\/index.php\/historias-cruzadas\/hcpg41_isaac_roitmanmn\/","title":{"rendered":"hcpg41_isaac_roitmanMN"},"content":{"rendered":"\n<figure class=\"wp-block-image size-large\"><img loading=\"lazy\" decoding=\"async\" width=\"1024\" height=\"27\" src=\"https:\/\/ceam.cdtc.unb.br\/wp-content\/uploads\/2021\/09\/cabecalho02_historias_cruzadas-1024x27.jpg\" alt=\"\" class=\"wp-image-554\"\/><\/figure>\n\n\n\n<figure class=\"wp-block-audio\"><audio controls src=\"https:\/\/ceam.cdtc.unb.br\/wp-content\/uploads\/2021\/09\/Isaac-Roitman-Monica-Nogueira-1.mp3\"><\/audio><\/figure>\n\n\n<style id=\"kt-blocks_9f3825-82\">#kt-adv-heading_9f3825-82, #kt-adv-heading_9f3825-82 .wp-block-kadence-advancedheading, .wp-block-kadence-advancedheading.kt-adv-heading_9f3825-82[data-kb-block=\"kb-adv-heading_9f3825-82\"], .kadence-advanced-heading-wrapper .kt-adv-heading_9f3825-82[data-kb-block=\"kb-adv-heading_9f3825-82\"]{text-align:center;color:#167abe;}<\/style>\n<h5 class=\"kt-adv-heading_9f3825-82 wp-block-kadence-advancedheading\" data-kb-block=\"kb-adv-heading_9f3825-82\">Homenagem a Isaac Roitman &#8211; por M\u00f4nica Nogueira<\/h5>\n\n\n\n<p><\/p>\n\n\n\n<p><\/p>\n\n\n\n<div class=\"wp-block-columns is-layout-flex wp-container-core-columns-is-layout-9d6595d7 wp-block-columns-is-layout-flex\">\n<div class=\"wp-block-column is-layout-flow wp-block-column-is-layout-flow\" style=\"--col-width:10%;flex-basis:10%\"><\/div>\n\n\n\n<div class=\"wp-block-column is-layout-flow wp-block-column-is-layout-flow\" style=\"--col-width:120%;flex-basis:120%\">\n<p>Foi pelas m\u00e3os de Darcy que aqui cheguei, em 1972. Mestres s\u00e3o como far\u00f3is, nos apontam caminhos. Assim foi Darcy com rela\u00e7\u00e3o \u00e0 universidade e ao papel da educa\u00e7\u00e3o.<\/p>\n\n\n\n<p><br>Anos antes, o facho luminoso de outro professor, no curso de odontologia da PUC de Campinas, permitiu que eu ajustasse a minha rota \u00e0quela altura. Fiz-me doutor, como desejava a fam\u00edlia judia, mas sem arrancar um dente que fosse de boca alheia!<\/p>\n\n\n\n<p><br>Doutorei-me em microbiologia em 1967. Dali em diante (e sempre), passei a seguir a luz de Celina, companheira de toda uma vida para viver e partilhar. Ela tamb\u00e9m, professora. Pois, vejam voc\u00eas a minha sina!<\/p>\n\n\n\n<p><br>N\u00f3s forjamos nesses encontros. Desejei ser mestre, capaz de despertar a curiosidade de outros, a inquietude que nos mant\u00e9m despertos para a realidade e a renovada disposi\u00e7\u00e3o para criar.<\/p>\n\n\n\n<p><br>Nessa jornada, a Universidade de Bras\u00edlia foi nau, escola, laborat\u00f3rio e morada. Aqui aprendi: al\u00e9m da doc\u00eancia, era necess\u00e1rio gerir a institui\u00e7\u00e3o, a pol\u00edtica de pesquisa e de educa\u00e7\u00e3o.<\/p>\n\n\n\n<p><br>Fui chefe de departamento, decano, cofundador do Centro de Estudos Avan\u00e7ados Multidisciplinares (Ceam). Longe, cheguei a ser reitor de outra universidade, mas o nascimento da primeira neta, Sofia, me trouxe de volta \u00e0 cidade.<\/p>\n\n\n\n<p>Atuei em ag\u00eancias nacionais de pesquisa e p\u00f3s-gradua\u00e7\u00e3o. Conhecer a engrenagem por inteiro me fez compreender: sem a educa\u00e7\u00e3o b\u00e1sica, pouco pode a universidade. Ent\u00e3o, no CNPq, pude criar o Programa de Inicia\u00e7\u00e3o Cient\u00edfica J\u00fanior dirigido a estudantes do ensino m\u00e9dio.<\/p>\n\n\n\n<p><br>Passados mais de 40 anos, a educa\u00e7\u00e3o segue sendo uma urg\u00eancia no Brasil e essa constata\u00e7\u00e3o, ao lado da minha constante atra\u00e7\u00e3o pelo novo, me mant\u00e9m em marcha.<\/p>\n\n\n\n<p><br>Os tempos presentes apresentam novos desafios, outras tecnologias de comunica\u00e7\u00e3o e informa\u00e7\u00e3o e uma pandemia \u2013 assunto, que creiam, os microbiologistas dominam.<\/p>\n\n\n\n<p><br>Mas h\u00e1 igualmente princ\u00edpios e projetos de emancipa\u00e7\u00e3o que n\u00e3o s\u00f3 ainda n\u00e3o foram plenamente realizados, como se veem amea\u00e7ados de retrocessos. H\u00e1 urg\u00eancias em educa\u00e7\u00e3o, como a simples valoriza\u00e7\u00e3o de mestras e mestres, far\u00f3is que s\u00e3o em tempos incertos, n\u00e3o por nos oferecerem respostas, mas por nos provocarem a imaginar futuros, que nos redimam de um triste passado.<\/p>\n<\/div>\n\n\n\n<div class=\"wp-block-column is-layout-flow wp-block-column-is-layout-flow\" style=\"--col-width:10%;flex-basis:10%\"><\/div>\n<\/div>\n\n\n\n<div class=\"wp-block-kadence-spacer aligncenter kt-block-spacer-_ec2425-a2\"><div class=\"kt-block-spacer kt-block-spacer-halign-center\" style=\"height:25px\"><hr class=\"kt-divider\" style=\"border-top-color:#eee;border-top-width:1px;width:80%;border-top-style:solid\"\/><\/div><\/div>\n\n\n\n<div class=\"wp-block-columns is-layout-flex wp-container-core-columns-is-layout-9d6595d7 wp-block-columns-is-layout-flex\">\n<div class=\"wp-block-column is-layout-flow wp-block-column-is-layout-flow\" style=\"--col-width:25%;flex-basis:25%\"><style id=\"kt-blocks_957cab-4e\">.kt-svg-icons_957cab-4e .kt-svg-item-0:hover .kt-svg-icon {color:#0F8B8D!important;}<\/style>\n<div class=\"wp-block-kadence-icon kt-svg-icons kt-svg-icons_957cab-4e alignnone\" style=\"text-align:center\"><div class=\"kt-svg-style-default kt-svg-icon-wrap kt-svg-item-0\"><a href=\"https:\/\/ceam.cdtc.unb.br\/index.php\/historias-cruzadas\/hcpg40_isaac_roitman\/\" class=\"kt-svg-icon-link\"><div style=\"display:inline-flex;justify-content:center;align-items:center;color:#444444\" class=\"kt-svg-icon kt-svg-icon-fe_arrowLeftCircle\"><svg style=\"display:inline-block;vertical-align:middle\" viewbox=\"0 0 24 24\" height=\"50\" width=\"50\" fill=\"none\" stroke=\"currentColor\" xmlns=\"http:\/\/www.w3.org\/2000\/svg\" stroke-width=\"2\" stroke-linecap=\"round\" stroke-linejoin=\"round\"><title>P\u00e1gina Anterior<\/title><circle cx=\"12\" cy=\"12\" r=\"10\"><\/circle><polyline points=\"12 8 8 12 12 16\"><\/polyline><line x1=\"16\" y1=\"12\" x2=\"8\" y2=\"12\"><\/line><\/svg><\/div><\/a><\/div><\/div>\n<\/div>\n\n\n\n<div class=\"wp-block-column is-layout-flow wp-block-column-is-layout-flow\" style=\"--col-width:50%;flex-basis:50%\"><\/div>\n\n\n\n<div class=\"wp-block-column is-layout-flow wp-block-column-is-layout-flow\" style=\"--col-width:25%;flex-basis:25%\"><style id=\"kt-blocks_a20bf9-b5\">.kt-svg-icons_a20bf9-b5 .kt-svg-item-0:hover .kt-svg-icon {color:#0F8B8D!important;}<\/style>\n<div class=\"wp-block-kadence-icon kt-svg-icons kt-svg-icons_a20bf9-b5 alignnone\" style=\"text-align:center\"><div class=\"kt-svg-style-default kt-svg-icon-wrap kt-svg-item-0\"><a href=\"https:\/\/ceam.cdtc.unb.br\/index.php\/historias-cruzadas\/hcpg42_isaac_roitmantm\/\" class=\"kt-svg-icon-link\"><div style=\"display:inline-flex;justify-content:center;align-items:center;color:#444444\" class=\"kt-svg-icon kt-svg-icon-fe_arrowRightCircle\"><svg style=\"display:inline-block;vertical-align:middle\" viewbox=\"0 0 24 24\" height=\"50\" width=\"50\" fill=\"none\" stroke=\"currentColor\" xmlns=\"http:\/\/www.w3.org\/2000\/svg\" stroke-width=\"2\" stroke-linecap=\"round\" stroke-linejoin=\"round\"><title>Pr\u00f3xima P\u00e1gina<\/title><circle cx=\"12\" cy=\"12\" r=\"10\"><\/circle><polyline points=\"12 16 16 12 12 8\"><\/polyline><line x1=\"8\" y1=\"12\" x2=\"16\" y2=\"12\"><\/line><\/svg><\/div><\/a><\/div><\/div>\n<\/div>\n<\/div>\n","protected":false},"excerpt":{"rendered":"<p>Homenagem a Isaac Roitman &#8211; por \u2026 <\/p>\n","protected":false},"author":1,"featured_media":0,"parent":77,"menu_order":0,"comment_status":"closed","ping_status":"closed","template":"","meta":{"footnotes":""},"class_list":["post-738","page","type-page","status-publish","hentry"],"_links":{"self":[{"href":"https:\/\/memoria.ceam.unb.br\/index.php\/wp-json\/wp\/v2\/pages\/738","targetHints":{"allow":["GET"]}}],"collection":[{"href":"https:\/\/memoria.ceam.unb.br\/index.php\/wp-json\/wp\/v2\/pages"}],"about":[{"href":"https:\/\/memoria.ceam.unb.br\/index.php\/wp-json\/wp\/v2\/types\/page"}],"author":[{"embeddable":true,"href":"https:\/\/memoria.ceam.unb.br\/index.php\/wp-json\/wp\/v2\/users\/1"}],"replies":[{"embeddable":true,"href":"https:\/\/memoria.ceam.unb.br\/index.php\/wp-json\/wp\/v2\/comments?post=738"}],"version-history":[{"count":4,"href":"https:\/\/memoria.ceam.unb.br\/index.php\/wp-json\/wp\/v2\/pages\/738\/revisions"}],"predecessor-version":[{"id":1196,"href":"https:\/\/memoria.ceam.unb.br\/index.php\/wp-json\/wp\/v2\/pages\/738\/revisions\/1196"}],"up":[{"embeddable":true,"href":"https:\/\/memoria.ceam.unb.br\/index.php\/wp-json\/wp\/v2\/pages\/77"}],"wp:attachment":[{"href":"https:\/\/memoria.ceam.unb.br\/index.php\/wp-json\/wp\/v2\/media?parent=738"}],"curies":[{"name":"wp","href":"https:\/\/api.w.org\/{rel}","templated":true}]}}