{"id":751,"date":"2021-09-23T15:26:44","date_gmt":"2021-09-23T18:26:44","guid":{"rendered":"https:\/\/ceam.cdtc.unb.br\/index.php\/historias-cruzadas\/hcpg43_isaac_roitmancbcarta\/"},"modified":"2021-09-26T18:03:34","modified_gmt":"2021-09-26T21:03:34","slug":"hcpg45_isaac_roitmangpccarta","status":"publish","type":"page","link":"https:\/\/memoria.ceam.unb.br\/index.php\/historias-cruzadas\/hcpg45_isaac_roitmangpccarta\/","title":{"rendered":"hcpg45_isaac_roitmanGPCcarta"},"content":{"rendered":"\n<figure class=\"wp-block-image size-large\"><img loading=\"lazy\" decoding=\"async\" width=\"1024\" height=\"27\" src=\"https:\/\/ceam.cdtc.unb.br\/wp-content\/uploads\/2021\/09\/cabecalho02_historias_cruzadas-1024x27.jpg\" alt=\"\" class=\"wp-image-554\"\/><\/figure>\n\n\n<style id=\"kt-blocks_3977cc-c2\">#kt-adv-heading_3977cc-c2, #kt-adv-heading_3977cc-c2 .wp-block-kadence-advancedheading, .wp-block-kadence-advancedheading.kt-adv-heading_3977cc-c2[data-kb-block=\"kb-adv-heading_3977cc-c2\"], .kadence-advanced-heading-wrapper .kt-adv-heading_3977cc-c2[data-kb-block=\"kb-adv-heading_3977cc-c2\"]{text-align:center;color:#167abe;}<\/style>\n<h5 class=\"kt-adv-heading_3977cc-c2 wp-block-kadence-advancedheading\" data-kb-block=\"kb-adv-heading_3977cc-c2\">Carta de um amigo &#8211; por Geniberto Paiva Campos<\/h5>\n\n\n\n<p><\/p>\n\n\n\n<p><\/p>\n\n\n\n<p><\/p>\n\n\n\n<div class=\"wp-block-columns is-layout-flex wp-container-core-columns-is-layout-9d6595d7 wp-block-columns-is-layout-flex\">\n<div class=\"wp-block-column is-layout-flow wp-block-column-is-layout-flow\" style=\"--col-width:10%;flex-basis:10%\"><\/div>\n\n\n\n<div class=\"wp-block-column is-layout-flow wp-block-column-is-layout-flow\" style=\"--col-width:120%;flex-basis:120%\">\n<p><\/p>\n\n\n\n<p>Conheci Isaac Roitman no in\u00edcio da d\u00e9cada de 1970.<\/p>\n\n\n\n<p><br>\u00c9ramos, ent\u00e3o, professores da Universidade de Bras\u00edlia, Isaac na Microbiologia.<\/p>\n\n\n\n<p><br>Eu atuava nas Ci\u00eancias da Sa\u00fade. O novo nome do Ensino M\u00e9dico.<\/p>\n\n\n\n<p><br>Mor\u00e1vamos na Velha Colina \u2013 Campus da UnB \u2013 resid\u00eancia de professores.<\/p>\n\n\n\n<p><br>Era casado com Celina, sua companheira de todas as horas.<\/p>\n\n\n\n<p><br>Isaac \u00e9 dessas pessoas que, ao nos conhecermos, logo nos tornamos amigos.<br>(Como dizia o poeta Vinicius: \u201camigo a gente n\u00e3o FAZ, a gente RECONHECE.\u201d)<\/p>\n\n\n\n<p><br>Acreditem, o Isaac foi um bom jogador de t\u00eanis \u2013 nosso grupo frequentava o Minas Bras\u00edlia T\u00eanis Clube, logo ali, vizinho ao Campus. O professor Paulo Saraiva, da Neurofisiologia da UnB, era nosso entusiasmado parceiro. Uma amiga irreverente, cheia<br>de humor, dizia que o excesso de peso do professor Isaac, \u201cera ilus\u00e3o de \u00f3tica\u201d. Nada mais.<\/p>\n\n\n\n<p><br>Uma caracter\u00edstica marcante do Isaac \u00e9 a sua compreens\u00e3o do mundo e sua imensa toler\u00e2ncia com pessoas e suas diferen\u00e7as, sociais, pol\u00edticas e ideol\u00f3gicas. \u00c9, portanto,<br>um semeador de amizades sinceras e duradouras.<\/p>\n\n\n\n<p><br>Sua longa carreira acad\u00eamica, a qual se dedicou em tempo integral e de forma exclusiva, foi brilhante.<\/p>\n\n\n\n<p><br>Sendo a Educa\u00e7\u00e3o seu foco priorit\u00e1rio e duradouro, que permanece intacto ainda<br>hoje.<\/p>\n\n\n\n<p><br>Em 1995, \u00e0s v\u00e9speras da aposentadoria, aceitou o convite do Darcy Ribeiro, fundador da UnB, para integrar o corpo diretivo da Universidade do Norte Fluminense. Na qual atuou como Diretor Do Centro de Bioci\u00eancias e Biotecnologia.<\/p>\n\n\n\n<p><br>De 1997 a 2002 trabalhou na Universidade de Mogi das Cruzes (SP), sendo diretor de P\u00f3s-Gradua\u00e7\u00e3o e Pesquisa; Pr\u00f3-Reitor Acad\u00eamico e Reitor.<\/p>\n\n\n\n<p><br>Em 2002 retornou a Bras\u00edlia, quando soube da vinda da sua neta Sofia.<\/p>\n\n\n\n<p><br>Surfou em v\u00e1rios segmentos do Governo Federal: MEC (Diretor de Avalia\u00e7\u00e3o da CAPES); MCT(Assessor da Presid\u00eancia do CNPq e Chefe do Departamento de Pol\u00edticas da Secretaria de Pol\u00edticas, Programas de Pesquisa e Desenvolvimento; Governo do DF (Subsecretaria de Pol\u00edticas da Secretariada Crian\u00e7a).<\/p>\n\n\n\n<p><br>Inquieto, como sempre, retornou \u00e0 UnB, onde foi cofundador do N\u00facleo de Estudos<br>do Futuro do Centro de Estudos Avan\u00e7ados Multidisciplinares (2012).<\/p>\n\n\n\n<p><br>Recebeu o t\u00edtulo honroso (e muito merecido) de Professor Em\u00e9rito da UnB.<\/p>\n\n\n\n<p><br>Incans\u00e1vel, o em\u00e9rito professor Isaac, assumindo a sua permanente preocupa\u00e7\u00e3o com os caminhos futuros da Humanidade, agora expresso no seu engajamento na organiza\u00e7\u00e3o criada pelo seu amigo Ulisses Riedel, em\u00e9rito advogado trabalhista do DF, cuja  denomina\u00e7\u00e3o, UNI\u00c3O PLANET\u00c1RIA, define claramente seus relevantes prop\u00f3sitos.<\/p>\n\n\n\n<p><br>Em 2015, Isaac, o infatig\u00e1vel, assumiu a coordena\u00e7\u00e3o do movimento \u2013 inicialmente denominado \u201c2022 \u2013 O BRASIL QUE QUEREMOS\u201d &#8211; ano em que o pa\u00eds completar\u00e1 200 anos de Independ\u00eancia. Data depois, corrigida para 2030 (ainda muito otimista???). E, agora, com a nova denomina\u00e7\u00e3o: \u201c2022\/2030 \u2013 O BRASIL E O MUNDO QUE QUEREMOS\u201d.<\/p>\n\n\n\n<p><br>A inquietude e o desejo de mudan\u00e7as que asseguram a jovialidade do professor Isaac, \u00e9 uma caracter\u00edstica do outrora chamado \u201cgrupo da terceira idade\u201d. Hoje, os \u201cnovos adolescentes\u201d. Segundo alguns estudiosos, trata-se de um grupo de pessoas que n\u00e3o somente se recusa a envelhecer, como se engaja, naturalmente, em grupos de atua\u00e7\u00e3o, objetivando mudan\u00e7as em \u00e1reas bem definidas e resistentes a reformas. A Educa\u00e7\u00e3o \u00e9 uma dessas \u00e1reas intoc\u00e1veis.<\/p>\n\n\n\n<p><br>Nada mais definidor das expectativas e cren\u00e7as futuras do professor Isaac Roitman. Querido amigo, que faz parte de uma estirpe de gente que nasceu com a imortal esperan\u00e7a de mudar o mundo. PARA MELHOR. SEMPRE! Boa sorte, Isaac. Saiba que voc\u00ea n\u00e3o est\u00e1 sozinho\u2026<\/p>\n\n\n\n<p><br><strong><em>Geniberto Paiva Campos<\/em><\/strong><\/p>\n<\/div>\n\n\n\n<div class=\"wp-block-column is-layout-flow wp-block-column-is-layout-flow\" style=\"--col-width:10%;flex-basis:10%\"><\/div>\n<\/div>\n\n\n\n<div class=\"wp-block-kadence-spacer aligncenter kt-block-spacer-_ec2425-a2\"><div class=\"kt-block-spacer kt-block-spacer-halign-center\" style=\"height:25px\"><hr class=\"kt-divider\" style=\"border-top-color:#eee;border-top-width:1px;width:80%;border-top-style:solid\"\/><\/div><\/div>\n\n\n\n<div class=\"wp-block-columns is-layout-flex wp-container-core-columns-is-layout-9d6595d7 wp-block-columns-is-layout-flex\">\n<div class=\"wp-block-column is-layout-flow wp-block-column-is-layout-flow\" style=\"--col-width:25%;flex-basis:25%\"><style id=\"kt-blocks_957cab-4e\">.kt-svg-icons_957cab-4e .kt-svg-item-0:hover .kt-svg-icon {color:#0F8B8D!important;}<\/style>\n<div class=\"wp-block-kadence-icon kt-svg-icons kt-svg-icons_957cab-4e alignnone\" style=\"text-align:center\"><div class=\"kt-svg-style-default kt-svg-icon-wrap kt-svg-item-0\"><a href=\"https:\/\/ceam.cdtc.unb.br\/index.php\/historias-cruzadas\/hcpg44_isaac_roitman_cartacb\/\" class=\"kt-svg-icon-link\"><div style=\"display:inline-flex;justify-content:center;align-items:center;color:#444444\" class=\"kt-svg-icon kt-svg-icon-fe_arrowLeftCircle\"><svg style=\"display:inline-block;vertical-align:middle\" viewbox=\"0 0 24 24\" height=\"50\" width=\"50\" fill=\"none\" stroke=\"currentColor\" xmlns=\"http:\/\/www.w3.org\/2000\/svg\" stroke-width=\"2\" stroke-linecap=\"round\" stroke-linejoin=\"round\"><title>P\u00e1gina Anterior<\/title><circle cx=\"12\" cy=\"12\" r=\"10\"><\/circle><polyline points=\"12 8 8 12 12 16\"><\/polyline><line x1=\"16\" y1=\"12\" x2=\"8\" y2=\"12\"><\/line><\/svg><\/div><\/a><\/div><\/div>\n<\/div>\n\n\n\n<div class=\"wp-block-column is-layout-flow wp-block-column-is-layout-flow\" style=\"--col-width:50%;flex-basis:50%\"><\/div>\n\n\n\n<div class=\"wp-block-column is-layout-flow wp-block-column-is-layout-flow\" style=\"--col-width:25%;flex-basis:25%\"><style id=\"kt-blocks_a20bf9-b5\">.kt-svg-icons_a20bf9-b5 .kt-svg-item-0:hover .kt-svg-icon {color:#0F8B8D!important;}<\/style>\n<div class=\"wp-block-kadence-icon kt-svg-icons kt-svg-icons_a20bf9-b5 alignnone\" style=\"text-align:center\"><div class=\"kt-svg-style-default kt-svg-icon-wrap kt-svg-item-0\"><a href=\"https:\/\/ceam.cdtc.unb.br\/index.php\/historias-cruzadas\/hcpg46_jiwago_miranda-2\/\" class=\"kt-svg-icon-link\"><div style=\"display:inline-flex;justify-content:center;align-items:center;color:#444444\" class=\"kt-svg-icon kt-svg-icon-fe_arrowRightCircle\"><svg style=\"display:inline-block;vertical-align:middle\" viewbox=\"0 0 24 24\" height=\"50\" width=\"50\" fill=\"none\" stroke=\"currentColor\" xmlns=\"http:\/\/www.w3.org\/2000\/svg\" stroke-width=\"2\" stroke-linecap=\"round\" stroke-linejoin=\"round\"><title>Pr\u00f3xima P\u00e1gina<\/title><circle cx=\"12\" cy=\"12\" r=\"10\"><\/circle><polyline points=\"12 16 16 12 12 8\"><\/polyline><line x1=\"8\" y1=\"12\" x2=\"16\" y2=\"12\"><\/line><\/svg><\/div><\/a><\/div><\/div>\n<\/div>\n<\/div>\n","protected":false},"excerpt":{"rendered":"<p>Carta de um amigo &#8211; por \u2026 <\/p>\n","protected":false},"author":2,"featured_media":0,"parent":77,"menu_order":0,"comment_status":"closed","ping_status":"closed","template":"","meta":{"footnotes":""},"class_list":["post-751","page","type-page","status-publish","hentry"],"_links":{"self":[{"href":"https:\/\/memoria.ceam.unb.br\/index.php\/wp-json\/wp\/v2\/pages\/751","targetHints":{"allow":["GET"]}}],"collection":[{"href":"https:\/\/memoria.ceam.unb.br\/index.php\/wp-json\/wp\/v2\/pages"}],"about":[{"href":"https:\/\/memoria.ceam.unb.br\/index.php\/wp-json\/wp\/v2\/types\/page"}],"author":[{"embeddable":true,"href":"https:\/\/memoria.ceam.unb.br\/index.php\/wp-json\/wp\/v2\/users\/2"}],"replies":[{"embeddable":true,"href":"https:\/\/memoria.ceam.unb.br\/index.php\/wp-json\/wp\/v2\/comments?post=751"}],"version-history":[{"count":8,"href":"https:\/\/memoria.ceam.unb.br\/index.php\/wp-json\/wp\/v2\/pages\/751\/revisions"}],"predecessor-version":[{"id":1201,"href":"https:\/\/memoria.ceam.unb.br\/index.php\/wp-json\/wp\/v2\/pages\/751\/revisions\/1201"}],"up":[{"embeddable":true,"href":"https:\/\/memoria.ceam.unb.br\/index.php\/wp-json\/wp\/v2\/pages\/77"}],"wp:attachment":[{"href":"https:\/\/memoria.ceam.unb.br\/index.php\/wp-json\/wp\/v2\/media?parent=751"}],"curies":[{"name":"wp","href":"https:\/\/api.w.org\/{rel}","templated":true}]}}