{"id":817,"date":"2021-09-23T16:31:13","date_gmt":"2021-09-23T19:31:13","guid":{"rendered":"https:\/\/ceam.cdtc.unb.br\/index.php\/historias-cruzadas\/hcpg58_maria_izabelmb-2\/"},"modified":"2021-09-26T18:08:57","modified_gmt":"2021-09-26T21:08:57","slug":"hcpg60_maria_madalenavs","status":"publish","type":"page","link":"https:\/\/memoria.ceam.unb.br\/index.php\/historias-cruzadas\/hcpg60_maria_madalenavs\/","title":{"rendered":"hcpg60_maria_madalenaVS"},"content":{"rendered":"\n<figure class=\"wp-block-image size-large\"><img loading=\"lazy\" decoding=\"async\" width=\"1024\" height=\"27\" src=\"https:\/\/ceam.cdtc.unb.br\/wp-content\/uploads\/2021\/09\/cabecalho02_historias_cruzadas-1024x27.jpg\" alt=\"\" class=\"wp-image-554\"\/><\/figure>\n\n\n\n<figure class=\"wp-block-audio\"><audio controls src=\"https:\/\/ceam.cdtc.unb.br\/wp-content\/uploads\/2021\/09\/Madalena-Torres-Vania-Sousa-1.mp3\"><\/audio><\/figure>\n\n\n<style id=\"kt-blocks_9f3825-82\">#kt-adv-heading_9f3825-82, #kt-adv-heading_9f3825-82 .wp-block-kadence-advancedheading, .wp-block-kadence-advancedheading.kt-adv-heading_9f3825-82[data-kb-block=\"kb-adv-heading_9f3825-82\"], .kadence-advanced-heading-wrapper .kt-adv-heading_9f3825-82[data-kb-block=\"kb-adv-heading_9f3825-82\"]{text-align:center;color:#167abe;}<\/style>\n<h5 class=\"kt-adv-heading_9f3825-82 wp-block-kadence-advancedheading\" data-kb-block=\"kb-adv-heading_9f3825-82\">CEI &#8211; Centro de Encantamento Interior &#8211; por V\u00e2nia dos Reis Sousa<\/h5>\n\n\n\n<p><\/p>\n\n\n\n<p><\/p>\n\n\n\n<div class=\"wp-block-columns is-layout-flex wp-container-core-columns-is-layout-9d6595d7 wp-block-columns-is-layout-flex\">\n<div class=\"wp-block-column is-layout-flow wp-block-column-is-layout-flow\" style=\"--col-width:10%;flex-basis:10%\"><\/div>\n\n\n\n<div class=\"wp-block-column is-layout-flow wp-block-column-is-layout-flow\" style=\"--col-width:120%;flex-basis:120%\">\n<p class=\"has-text-align-center\">Mesmo eu sendo goiana<br>Na cidade nordestina,<br>Vou me apresentar a voc\u00eas<br>Usando um pouco de rima.<\/p>\n\n\n\n<p class=\"has-text-align-center\"><br>Quando a Ceil\u00e2ndia cheguei,<br>Ela tinha h\u00e1 pouco nascido.<br>Nas suas ruas de terra,<br>Desde muito cedo lido.<\/p>\n\n\n\n<p class=\"has-text-align-center\"><br>Essa cidade faceira<br>Enfeiti\u00e7a meu cora\u00e7\u00e3o.<br>Vendo suas dificuldades,<br>Me coloquei em miss\u00e3o:<\/p>\n\n\n\n<p class=\"has-text-align-center\"><br>\u201cComo pode tanta gente<br>As letras n\u00e3o conhecer?\u201d<br>Foi quando me encontrei<br>Com mais gente incomodada:<br>\u201cEssa dificuldade<br>Deve ser superada!\u201d<\/p>\n\n\n\n<p class=\"has-text-align-center\"><br>Com as colegas normalistas<br>E estudantes da UNB<br>Juntamos nossas vontades<br>Para a diferen\u00e7a fazer<br>Em 89, num projeto me encontrei<br>Pensando que acabaria,<br>Isso eu n\u00e3o suportei!<br>e por isso a Cepafre com carinho abracei.<\/p>\n\n\n\n<p class=\"has-text-align-center\"><br>Acredito que professora<br>Nunca para de estudar<br>E aos 36 anos, l\u00e1 vou eu me formar.<br>Agora sou fil\u00f3sofa,<br>Mas, nisto, n\u00e3o vou parar<br>E em 2005 \u2013 Mestra de se orgulhar!<\/p>\n\n\n\n<p class=\"has-text-align-center\"><br>S\u00f3 que a luta n\u00e3o se esquece<br>E enquanto a Ceil\u00e2ndia cresce<br>Outras necessidades<br>Vir\u00e3o nos cutucar.<\/p>\n\n\n\n<p class=\"has-text-align-center\"><br>A cidade que pensada<br>Era para erradicar<br>Invas\u00f5es em suas terras<br>Tamb\u00e9m est\u00e3o a pipocar.<\/p>\n\n\n\n<p class=\"has-text-align-center\"><br>N\u00e3o quero Universidade<br>Que nos veja de longe<br>Para viajar pra l\u00e1,<br>S\u00f3 com paci\u00eancia de monge!<\/p>\n\n\n\n<p class=\"has-text-align-center\"><br>Mas a luta n\u00e3o parou<br>UNB chegou em Ceil\u00e2ndia<br>Ainda h\u00e1 o que fazer<br>Para incluir na ciranda:<\/p>\n\n\n\n<p class=\"has-text-align-center\"><br>Ciranda que roda a vida,<br>Ciranda que na Ceil\u00e2ndia n\u00e3o para<br>Ciranda da minha vida<br>Ciranda da minha hist\u00f3ria<br>Dizem que sou refer\u00eancia<br>Na arte de ensinar,<br>Dos movimentos populares,<br>Do cinema apoiar!<\/p>\n\n\n\n<p class=\"has-text-align-center\"><br>Mas uma grande alegria<br>Que um cora\u00e7\u00e3o pode ter<br>\u00c9 quando o mestre Paulo Freire,<br>No livro, cita voc\u00ea!<\/p>\n\n\n\n<p class=\"has-text-align-center\"><br>S\u00f3 que nessa vida<br>N\u00e3o se constr\u00f3i com a lida<br>Aquele que uma ponte<br>Com o outro n\u00e3o quer formar!<\/p>\n\n\n\n<p class=\"has-text-align-center\"><br>Como viram minha hist\u00f3ria,<br>Tamb\u00e9m \u00e9 cheia de amores!<br>Por isso digo: \u201cPrazer,<br>Eu sou Madalena Torres!<\/p>\n<\/div>\n\n\n\n<div class=\"wp-block-column is-layout-flow wp-block-column-is-layout-flow\" style=\"--col-width:10%;flex-basis:10%\"><\/div>\n<\/div>\n\n\n\n<div class=\"wp-block-kadence-spacer aligncenter kt-block-spacer-_ec2425-a2\"><div class=\"kt-block-spacer kt-block-spacer-halign-center\" style=\"height:25px\"><hr class=\"kt-divider\" style=\"border-top-color:#eee;border-top-width:1px;width:80%;border-top-style:solid\"\/><\/div><\/div>\n\n\n\n<div class=\"wp-block-columns is-layout-flex wp-container-core-columns-is-layout-9d6595d7 wp-block-columns-is-layout-flex\">\n<div class=\"wp-block-column is-layout-flow wp-block-column-is-layout-flow\" style=\"--col-width:25%;flex-basis:25%\"><style id=\"kt-blocks_957cab-4e\">.kt-svg-icons_957cab-4e .kt-svg-item-0:hover .kt-svg-icon {color:#0F8B8D!important;}<\/style>\n<div class=\"wp-block-kadence-icon kt-svg-icons kt-svg-icons_957cab-4e alignnone\" style=\"text-align:center\"><div class=\"kt-svg-style-default kt-svg-icon-wrap kt-svg-item-0\"><a href=\"https:\/\/ceam.cdtc.unb.br\/index.php\/historias-cruzadas\/hcpg59_maria_madalena\/\" class=\"kt-svg-icon-link\"><div style=\"display:inline-flex;justify-content:center;align-items:center;color:#444444\" class=\"kt-svg-icon kt-svg-icon-fe_arrowLeftCircle\"><svg style=\"display:inline-block;vertical-align:middle\" viewbox=\"0 0 24 24\" height=\"50\" width=\"50\" fill=\"none\" stroke=\"currentColor\" xmlns=\"http:\/\/www.w3.org\/2000\/svg\" stroke-width=\"2\" stroke-linecap=\"round\" stroke-linejoin=\"round\"><title>P\u00e1gina Anterior<\/title><circle cx=\"12\" cy=\"12\" r=\"10\"><\/circle><polyline points=\"12 8 8 12 12 16\"><\/polyline><line x1=\"16\" y1=\"12\" x2=\"8\" y2=\"12\"><\/line><\/svg><\/div><\/a><\/div><\/div>\n<\/div>\n\n\n\n<div class=\"wp-block-column is-layout-flow wp-block-column-is-layout-flow\" style=\"--col-width:50%;flex-basis:50%\"><\/div>\n\n\n\n<div class=\"wp-block-column is-layout-flow wp-block-column-is-layout-flow\" style=\"--col-width:25%;flex-basis:25%\"><style id=\"kt-blocks_a20bf9-b5\">.kt-svg-icons_a20bf9-b5 .kt-svg-item-0:hover .kt-svg-icon {color:#0F8B8D!important;}<\/style>\n<div class=\"wp-block-kadence-icon kt-svg-icons kt-svg-icons_a20bf9-b5 alignnone\" style=\"text-align:center\"><div class=\"kt-svg-style-default kt-svg-icon-wrap kt-svg-item-0\"><a href=\"https:\/\/ceam.cdtc.unb.br\/index.php\/historias-cruzadas\/hcpg61_maria_madalenacpo\/\" class=\"kt-svg-icon-link\"><div style=\"display:inline-flex;justify-content:center;align-items:center;color:#444444\" class=\"kt-svg-icon kt-svg-icon-fe_arrowRightCircle\"><svg style=\"display:inline-block;vertical-align:middle\" viewbox=\"0 0 24 24\" height=\"50\" width=\"50\" fill=\"none\" stroke=\"currentColor\" xmlns=\"http:\/\/www.w3.org\/2000\/svg\" stroke-width=\"2\" stroke-linecap=\"round\" stroke-linejoin=\"round\"><title>Pr\u00f3xima P\u00e1gina<\/title><circle cx=\"12\" cy=\"12\" r=\"10\"><\/circle><polyline points=\"12 16 16 12 12 8\"><\/polyline><line x1=\"8\" y1=\"12\" x2=\"16\" y2=\"12\"><\/line><\/svg><\/div><\/a><\/div><\/div>\n<\/div>\n<\/div>\n","protected":false},"excerpt":{"rendered":"<p>CEI &#8211; Centro de Encantamento Interior \u2026 <\/p>\n","protected":false},"author":2,"featured_media":0,"parent":77,"menu_order":0,"comment_status":"closed","ping_status":"closed","template":"","meta":{"footnotes":""},"class_list":["post-817","page","type-page","status-publish","hentry"],"_links":{"self":[{"href":"https:\/\/memoria.ceam.unb.br\/index.php\/wp-json\/wp\/v2\/pages\/817","targetHints":{"allow":["GET"]}}],"collection":[{"href":"https:\/\/memoria.ceam.unb.br\/index.php\/wp-json\/wp\/v2\/pages"}],"about":[{"href":"https:\/\/memoria.ceam.unb.br\/index.php\/wp-json\/wp\/v2\/types\/page"}],"author":[{"embeddable":true,"href":"https:\/\/memoria.ceam.unb.br\/index.php\/wp-json\/wp\/v2\/users\/2"}],"replies":[{"embeddable":true,"href":"https:\/\/memoria.ceam.unb.br\/index.php\/wp-json\/wp\/v2\/comments?post=817"}],"version-history":[{"count":4,"href":"https:\/\/memoria.ceam.unb.br\/index.php\/wp-json\/wp\/v2\/pages\/817\/revisions"}],"predecessor-version":[{"id":1203,"href":"https:\/\/memoria.ceam.unb.br\/index.php\/wp-json\/wp\/v2\/pages\/817\/revisions\/1203"}],"up":[{"embeddable":true,"href":"https:\/\/memoria.ceam.unb.br\/index.php\/wp-json\/wp\/v2\/pages\/77"}],"wp:attachment":[{"href":"https:\/\/memoria.ceam.unb.br\/index.php\/wp-json\/wp\/v2\/media?parent=817"}],"curies":[{"name":"wp","href":"https:\/\/api.w.org\/{rel}","templated":true}]}}