{"id":845,"date":"2021-09-23T17:09:54","date_gmt":"2021-09-23T20:09:54","guid":{"rendered":"https:\/\/ceam.cdtc.unb.br\/index.php\/historias-cruzadas\/hcpg65_maria_madalena_lmccarta-2\/"},"modified":"2021-09-24T11:38:39","modified_gmt":"2021-09-24T14:38:39","slug":"hcpg66_maria_madalena_mmmccarta","status":"publish","type":"page","link":"https:\/\/memoria.ceam.unb.br\/index.php\/historias-cruzadas\/hcpg66_maria_madalena_mmmccarta\/","title":{"rendered":"hcpg66_maria_madalena_MMMCcarta"},"content":{"rendered":"\n<div class=\"wp-block-image\"><figure class=\"aligncenter size-large\"><img loading=\"lazy\" decoding=\"async\" width=\"1024\" height=\"27\" src=\"https:\/\/ceam.cdtc.unb.br\/wp-content\/uploads\/2021\/09\/cabecalho01_historias_cruzadas-1024x27.jpg\" alt=\"\" class=\"wp-image-553\"\/><\/figure><\/div>\n\n\n<style id=\"kt-blocks_e6a06f-69\">#kt-adv-heading_e6a06f-69, #kt-adv-heading_e6a06f-69 .wp-block-kadence-advancedheading, .wp-block-kadence-advancedheading.kt-adv-heading_e6a06f-69[data-kb-block=\"kb-adv-heading_e6a06f-69\"], .kadence-advanced-heading-wrapper .kt-adv-heading_e6a06f-69[data-kb-block=\"kb-adv-heading_e6a06f-69\"]{text-align:left;color:#167abe;}<\/style>\n<h5 class=\"kt-adv-heading_e6a06f-69 wp-block-kadence-advancedheading\" data-kb-block=\"kb-adv-heading_e6a06f-69\">Maria Madalena Torres &#8211; CARTA DE UMA AMIGA por Maria Margarida Machado<\/h5>\n\n\n\n<p><\/p>\n\n\n\n<p><\/p>\n\n\n\n<div class=\"wp-block-columns is-layout-flex wp-container-core-columns-is-layout-9d6595d7 wp-block-columns-is-layout-flex\">\n<div class=\"wp-block-column is-layout-flow wp-block-column-is-layout-flow\" style=\"--col-width:5%;flex-basis:5%\"><\/div>\n\n\n\n<div class=\"wp-block-column is-layout-flow wp-block-column-is-layout-flow\" style=\"--col-width:115%;flex-basis:115%\">\n<p><strong>Mad\u00e1 da Ceil\u00e2ndia<\/strong><\/p>\n\n\n\n<p><br>\u00c9 assim que eu me refiro a Madalena, todas as vezes que preciso apresent\u00e1-la a algu\u00e9m ou indic\u00e1-la como refer\u00eancia da educa\u00e7\u00e3o popular no Distrito Federal. Nos conhecemos em meados da d\u00e9cada de 1980, quando ela j\u00e1 atuava como alfabetizadora em C\u00edrculos de Cultura na Ceil\u00e2ndia. Nossa milit\u00e2ncia em comum era vinculada \u00e0 Igreja Cat\u00f3lica, na Pastoral da Juventude do DF, onde as refer\u00eancias do m\u00e9todo ver-julgar-agir e da Teologia da Liberta\u00e7\u00e3o, nos inquietavam para ir em busca de a\u00e7\u00f5es concretas da op\u00e7\u00e3o preferencial pelos pobres. A educa\u00e7\u00e3o popular, mais especificamente, a alfabetiza\u00e7\u00e3o de adultos foi esse lugar de inser\u00e7\u00e3o concreta.<br>Madalena compartilhava nas reuni\u00f5es da PJ a experi\u00eancia dos C\u00edrculos de Cultura da Ceil\u00e2ndia, que tinha origem num trabalho de pesquisa de mestrado de professoras da UnB, Laura Coutinho e Maria Luza Angelim, o que me fez perceber que ali estava uma pauta para uma a\u00e7\u00e3o concreta para nossa juventude do Gama. Passei a frequentar os C\u00edrculos de Cultura na Ceil\u00e2ndia para aprender com Madalena a alfabetiza\u00e7\u00e3o de adultos, baseada na Pedagogia de Paulo Freire. Sua generosidade formou in\u00fameros alfabetizadores do Gama, de Sobradinho, de Planaltina, da regi\u00e3o do Entorno Sul do DF, de v\u00e1rios outros lugares no Estado de Goi\u00e1s, em especial Goi\u00e2nia e Aparecida de Goi\u00e2nia. H\u00e1 outras localidades, mas estas experi\u00eancias tive o prazer de compartilhar com ela e agrade\u00e7o imensamente o apoio que recebemos aos c\u00edrculos de cultura que organizamos em Goi\u00e1s.<br>Posso dizer que a rela\u00e7\u00e3o de troca de saberes entre academia, pela via de professores e alunos da UnB, e lideran\u00e7as populares, como Madalena, contribu\u00edram de forma inconteste para amplia\u00e7\u00e3o do direito de acesso ao letramento de muitos jovens e adultos na Ceil\u00e2ndia, em todas as cidades por onde essa experi\u00eancia dos C\u00edrculos de Cultura se irradiou. Mas, a contribui\u00e7\u00e3o n\u00e3o para por a\u00ed. Madalena com outros alfabetizadores e com apoio das a\u00e7\u00f5es extensionistas da UnB fundou, em 1989, o Centro Paulo Freire de Ceil\u00e2ndia (Cepafre), importante entidade popular que ampliou de forma significativa sua atua\u00e7\u00e3o de milit\u00e2ncia, incorporando \u00e0s pautas da defesa da educa\u00e7\u00e3o para todos e todas, a do direito a moradia, ao saneamento, a sa\u00fade, ao acesso \u00e0 cultura e lazer, e tantas outras necessidades que eram b\u00e1sicas no contexto da Ceil\u00e2ndia, quando o Cepafre foi criado.<br>\u00c9 importante tamb\u00e9m reconhecer a trajet\u00f3ria exitosa de forma\u00e7\u00e3o e atua\u00e7\u00e3o acad\u00eamica desta lideran\u00e7a da educa\u00e7\u00e3o popular de Ceil\u00e2ndia. Sua gradua\u00e7\u00e3o em filosofia e mestrado em educa\u00e7\u00e3o contribu\u00edram para consolidar sua compreens\u00e3o e pr\u00e1tica pol\u00edtico-pedag\u00f3gica, no \u00e2mbito do magist\u00e9rio na Educa\u00e7\u00e3o B\u00e1sica e Superior. De educadora popular, a professora na rede p\u00fablica do DF e professora da UnB, em cursos especiais de Pedagogia. Seu engajamento \u00e9tico-pol\u00edtico em defesa da educa\u00e7\u00e3o dos trabalhadores revela-se na sua participa\u00e7\u00e3o como fundadora e\/ou representante em diferentes espa\u00e7os de di\u00e1logo e constru\u00e7\u00e3o da pol\u00edtica de educa\u00e7\u00e3o do DF. Destaco entre eles o GTPA\/F\u00f3rum EJA do DF, o F\u00f3rum Distrital de Educa\u00e7\u00e3o do DF e Conselho<br>Comunit\u00e1rio no Conselho Universit\u00e1rio \u2013 CONSUNI\/UnB.<br>De mestra a companheira de trabalho, a \u00faltima oportunidade em que estivemos mais pr\u00f3ximas foi na atua\u00e7\u00e3o militante em defesa da educa\u00e7\u00e3o de jovens e adultos, no breve per\u00edodo em que retornei ao Distrito Federal, entre 2004 a 2006, quando compartilhamos a dif\u00edcil tarefa de atuar na Coordena\u00e7\u00e3o Pedag\u00f3gica do Departamento de Pol\u00edticas de Educa\u00e7\u00e3o de Jovens e Adultos, da Secretaria de Educa\u00e7\u00e3o Continuada Alfabetiza\u00e7\u00e3o e Diversidade do Minist\u00e9rio da Educa\u00e7\u00e3o. Nossa experi\u00eancia de alfabetizadoras populares, se misturavam \u00e0s inquieta\u00e7\u00f5es que traz\u00edamos da atua\u00e7\u00e3o nas redes p\u00fablicas de ensino e nas universidades onde atuamos. Esta passagem pelo<br>MEC, sem sombra de d\u00favidas, revelou a maturidade de Madalena na compreens\u00e3o dos limites e das possibilidades daquilo que se buscou construir na pol\u00edtica educacional voltada para jovens e adultos trabalhadores. Seu olhar e sua atua\u00e7\u00e3o que sempre foi a partir de Ceil\u00e2ndia, alcan\u00e7ou a dimens\u00e3o do Distrito Federal e do Brasil. Por tudo isso, acredito que essa indica\u00e7\u00e3o de seu nome no projeto \u201cHist\u00f3rias cruzadas: a universidade e a cidade\u201d, para ser uma das biografadas, vem num momento peculiar da hist\u00f3ria do nosso pa\u00eds. Madalena nos representa. \u00c9 a garra da mulher negra, pobre e de periferia que n\u00e3o se submete aos imperativos de um sistema injusto e excludente, mas os enfrenta todos os dias, na pr\u00f3pria exist\u00eancia e sobreviv\u00eancia f\u00edsica, mas sobretudo na contesta\u00e7\u00e3o dos seus fundamentos pela via da luta di\u00e1ria pela constru\u00e7\u00e3o de uma outra sociabilidade.<\/p>\n\n\n\n<p><br><strong><em>Maria Margarida Machado \u2013 FE\/UFG \u2013 F\u00f3rum Goiano de EJA<\/em><\/strong><\/p>\n<\/div>\n\n\n\n<div class=\"wp-block-column is-layout-flow wp-block-column-is-layout-flow\" style=\"--col-width:5%;flex-basis:5%\"><\/div>\n<\/div>\n\n\n\n<p><\/p>\n\n\n\n<div class=\"wp-block-kadence-spacer aligncenter kt-block-spacer-_719787-fe\"><div class=\"kt-block-spacer kt-block-spacer-halign-center\" style=\"height:25px\"><hr class=\"kt-divider\" style=\"border-top-color:#eee;border-top-width:1px;width:80%;border-top-style:solid\"\/><\/div><\/div>\n\n\n\n<div class=\"wp-block-columns is-layout-flex wp-container-core-columns-is-layout-9d6595d7 wp-block-columns-is-layout-flex\">\n<div class=\"wp-block-column is-layout-flow wp-block-column-is-layout-flow\" style=\"--col-width:25%;flex-basis:25%\"><style id=\"kt-blocks_c0e94d-9e\">.kt-svg-icons_c0e94d-9e .kt-svg-item-0:hover .kt-svg-icon {color:#0F8B8D!important;}<\/style>\n<div class=\"wp-block-kadence-icon kt-svg-icons kt-svg-icons_c0e94d-9e alignnone\" style=\"text-align:center\"><div class=\"kt-svg-style-default kt-svg-icon-wrap kt-svg-item-0\"><a href=\"https:\/\/ceam.cdtc.unb.br\/index.php\/historias-cruzadas\/hcpg65_maria_madalena_lmccarta\/\" class=\"kt-svg-icon-link\"><div style=\"display:inline-flex;justify-content:center;align-items:center;color:#444444\" class=\"kt-svg-icon kt-svg-icon-fe_arrowLeftCircle\"><svg style=\"display:inline-block;vertical-align:middle\" viewbox=\"0 0 24 24\" height=\"50\" width=\"50\" fill=\"none\" stroke=\"currentColor\" xmlns=\"http:\/\/www.w3.org\/2000\/svg\" stroke-width=\"2\" stroke-linecap=\"round\" stroke-linejoin=\"round\"><title>P\u00e1gina Anterior<\/title><circle cx=\"12\" cy=\"12\" r=\"10\"><\/circle><polyline points=\"12 8 8 12 12 16\"><\/polyline><line x1=\"16\" y1=\"12\" x2=\"8\" y2=\"12\"><\/line><\/svg><\/div><\/a><\/div><\/div>\n<\/div>\n\n\n\n<div class=\"wp-block-column is-layout-flow wp-block-column-is-layout-flow\" style=\"--col-width:50%;flex-basis:50%\"><\/div>\n\n\n\n<div class=\"wp-block-column is-layout-flow wp-block-column-is-layout-flow\" style=\"--col-width:25%;flex-basis:25%\"><style id=\"kt-blocks_e51fb2-60\">.kt-svg-icons_e51fb2-60 .kt-svg-item-0:hover .kt-svg-icon {color:#0F8B8D!important;}<\/style>\n<div class=\"wp-block-kadence-icon kt-svg-icons kt-svg-icons_e51fb2-60 alignnone\" style=\"text-align:center\"><div class=\"kt-svg-style-default kt-svg-icon-wrap kt-svg-item-0\"><a href=\"https:\/\/ceam.cdtc.unb.br\/index.php\/historias-cruzadas\/hcpg67_maria_madalena_vbccarta\/\" class=\"kt-svg-icon-link\"><div style=\"display:inline-flex;justify-content:center;align-items:center;color:#444444\" class=\"kt-svg-icon kt-svg-icon-fe_arrowRightCircle\"><svg style=\"display:inline-block;vertical-align:middle\" viewbox=\"0 0 24 24\" height=\"50\" width=\"50\" fill=\"none\" stroke=\"currentColor\" xmlns=\"http:\/\/www.w3.org\/2000\/svg\" stroke-width=\"2\" stroke-linecap=\"round\" stroke-linejoin=\"round\"><title>Pr\u00f3xima P\u00e1gina<\/title><circle cx=\"12\" cy=\"12\" r=\"10\"><\/circle><polyline points=\"12 16 16 12 12 8\"><\/polyline><line x1=\"8\" y1=\"12\" x2=\"16\" y2=\"12\"><\/line><\/svg><\/div><\/a><\/div><\/div>\n<\/div>\n<\/div>\n","protected":false},"excerpt":{"rendered":"<p>Maria Madalena Torres &#8211; CARTA DE \u2026 <\/p>\n","protected":false},"author":2,"featured_media":0,"parent":77,"menu_order":0,"comment_status":"closed","ping_status":"closed","template":"","meta":{"footnotes":""},"class_list":["post-845","page","type-page","status-publish","hentry"],"_links":{"self":[{"href":"https:\/\/memoria.ceam.unb.br\/index.php\/wp-json\/wp\/v2\/pages\/845","targetHints":{"allow":["GET"]}}],"collection":[{"href":"https:\/\/memoria.ceam.unb.br\/index.php\/wp-json\/wp\/v2\/pages"}],"about":[{"href":"https:\/\/memoria.ceam.unb.br\/index.php\/wp-json\/wp\/v2\/types\/page"}],"author":[{"embeddable":true,"href":"https:\/\/memoria.ceam.unb.br\/index.php\/wp-json\/wp\/v2\/users\/2"}],"replies":[{"embeddable":true,"href":"https:\/\/memoria.ceam.unb.br\/index.php\/wp-json\/wp\/v2\/comments?post=845"}],"version-history":[{"count":3,"href":"https:\/\/memoria.ceam.unb.br\/index.php\/wp-json\/wp\/v2\/pages\/845\/revisions"}],"predecessor-version":[{"id":1045,"href":"https:\/\/memoria.ceam.unb.br\/index.php\/wp-json\/wp\/v2\/pages\/845\/revisions\/1045"}],"up":[{"embeddable":true,"href":"https:\/\/memoria.ceam.unb.br\/index.php\/wp-json\/wp\/v2\/pages\/77"}],"wp:attachment":[{"href":"https:\/\/memoria.ceam.unb.br\/index.php\/wp-json\/wp\/v2\/media?parent=845"}],"curies":[{"name":"wp","href":"https:\/\/api.w.org\/{rel}","templated":true}]}}