{"id":855,"date":"2021-09-23T17:19:59","date_gmt":"2021-09-23T20:19:59","guid":{"rendered":"https:\/\/ceam.cdtc.unb.br\/index.php\/historias-cruzadas\/hcpg67_maria_madalena_vbccarta-2\/"},"modified":"2021-09-24T11:41:05","modified_gmt":"2021-09-24T14:41:05","slug":"hcpg68_maria_madalena_cvcarta","status":"publish","type":"page","link":"https:\/\/memoria.ceam.unb.br\/index.php\/historias-cruzadas\/hcpg68_maria_madalena_cvcarta\/","title":{"rendered":"hcpg68_maria_madalena_CVcarta"},"content":{"rendered":"\n<div class=\"wp-block-image\"><figure class=\"aligncenter size-large\"><img loading=\"lazy\" decoding=\"async\" width=\"1024\" height=\"27\" src=\"https:\/\/ceam.cdtc.unb.br\/wp-content\/uploads\/2021\/09\/cabecalho01_historias_cruzadas-1024x27.jpg\" alt=\"\" class=\"wp-image-553\"\/><\/figure><\/div>\n\n\n<style id=\"kt-blocks_e6a06f-69\">#kt-adv-heading_e6a06f-69, #kt-adv-heading_e6a06f-69 .wp-block-kadence-advancedheading, .wp-block-kadence-advancedheading.kt-adv-heading_e6a06f-69[data-kb-block=\"kb-adv-heading_e6a06f-69\"], .kadence-advanced-heading-wrapper .kt-adv-heading_e6a06f-69[data-kb-block=\"kb-adv-heading_e6a06f-69\"]{text-align:left;color:#167abe;}<\/style>\n<h5 class=\"kt-adv-heading_e6a06f-69 wp-block-kadence-advancedheading\" data-kb-block=\"kb-adv-heading_e6a06f-69\">Maria Madalena Torres &#8211; CARTA DE UM AMIGO por Chico Vigilante<\/h5>\n\n\n\n<p><\/p>\n\n\n\n<p><\/p>\n\n\n\n<div class=\"wp-block-columns is-layout-flex wp-container-core-columns-is-layout-9d6595d7 wp-block-columns-is-layout-flex\">\n<div class=\"wp-block-column is-layout-flow wp-block-column-is-layout-flow\" style=\"--col-width:5%;flex-basis:5%\"><\/div>\n\n\n\n<div class=\"wp-block-column is-layout-flow wp-block-column-is-layout-flow\" style=\"--col-width:115%;flex-basis:115%\">\n<p>A Professora Madalena Torres \u00e9 uma guerreira da Educa\u00e7\u00e3o do Distrito Federal. Ela, que enfrentou tantas dificuldades na pr\u00f3pria vida, soube superar os obst\u00e1culos para alcan\u00e7ar os objetivos em prol dos que mais necessitam de educa\u00e7\u00e3o. Posso testemunhar que Madalena \u00e9 uma das personalidades mais conhecidas da educa\u00e7\u00e3o em Ceil\u00e2ndia. N\u00e3o das festas de glamour, mas do trabalho junto \u00e0 popula\u00e7\u00e3o pobre da cidade. Ela \u00e9 conhecida pelos desamparados. Quantas pessoas estavam cegas, no mundo das letras, e a professora Madalena Torres trouxe a luz por meio da educa\u00e7\u00e3o popular? Dentre as suas batalhas na defesa da educa\u00e7\u00e3o no DF, devo destacar a sua luta travada, junto a moradores desta cidade, para que tiv\u00e9ssemos o campus da Universidade de Bras\u00edlia em Ceil\u00e2ndia. Seu papel foi preponderante para que a UnB sa\u00edsse da \u00e1rea central do Plano Piloto e chegasse \u00e0s mais distantes Regi\u00f5es Administrativas. A chegada da UnB a Ceil\u00e2ndia \u00e9 uma marca da luta e da coragem t\u00e3o presentes na personalidade de Madalena Torres. Foi por raz\u00f5es como essas, que, no ano de 2019, a partir de uma iniciativa do nosso mandato parlamentar, no \u00e2mbito da C\u00e2mara Legislativa do Distrito Federal, concedemos a just\u00edssima outorga do T\u00edtulo de Cidad\u00e3 Honor\u00e1ria de Bras\u00edlia como reconhecimento pela relev\u00e2ncia do trabalho prestado \u00e0 popula\u00e7\u00e3o pela professora Madalena Torres, sobretudo na educa\u00e7\u00e3o popular e na forma\u00e7\u00e3o de educadores. A professora Madalena Torres \u00e9 uma efem\u00e9ride da educa\u00e7\u00e3o no Distrito Federal.<\/p>\n\n\n\n<p><br><strong><em>Chico Vigilante, deputado distrital pelo PT\/DF<\/em><\/strong><\/p>\n<\/div>\n\n\n\n<div class=\"wp-block-column is-layout-flow wp-block-column-is-layout-flow\" style=\"--col-width:5%;flex-basis:5%\"><\/div>\n<\/div>\n\n\n\n<p><\/p>\n\n\n\n<div class=\"wp-block-kadence-spacer aligncenter kt-block-spacer-_719787-fe\"><div class=\"kt-block-spacer kt-block-spacer-halign-center\" style=\"height:25px\"><hr class=\"kt-divider\" style=\"border-top-color:#eee;border-top-width:1px;width:80%;border-top-style:solid\"\/><\/div><\/div>\n\n\n\n<div class=\"wp-block-columns is-layout-flex wp-container-core-columns-is-layout-9d6595d7 wp-block-columns-is-layout-flex\">\n<div class=\"wp-block-column is-layout-flow wp-block-column-is-layout-flow\" style=\"--col-width:25%;flex-basis:25%\"><style id=\"kt-blocks_c0e94d-9e\">.kt-svg-icons_c0e94d-9e .kt-svg-item-0:hover .kt-svg-icon {color:#0F8B8D!important;}<\/style>\n<div class=\"wp-block-kadence-icon kt-svg-icons kt-svg-icons_c0e94d-9e alignnone\" style=\"text-align:center\"><div class=\"kt-svg-style-default kt-svg-icon-wrap kt-svg-item-0\"><a href=\"https:\/\/ceam.cdtc.unb.br\/index.php\/historias-cruzadas\/hcpg67_maria_madalena_vbccarta\/\" class=\"kt-svg-icon-link\"><div style=\"display:inline-flex;justify-content:center;align-items:center;color:#444444\" class=\"kt-svg-icon kt-svg-icon-fe_arrowLeftCircle\"><svg style=\"display:inline-block;vertical-align:middle\" viewbox=\"0 0 24 24\" height=\"50\" width=\"50\" fill=\"none\" stroke=\"currentColor\" xmlns=\"http:\/\/www.w3.org\/2000\/svg\" stroke-width=\"2\" stroke-linecap=\"round\" stroke-linejoin=\"round\"><title>P\u00e1gina Anterior<\/title><circle cx=\"12\" cy=\"12\" r=\"10\"><\/circle><polyline points=\"12 8 8 12 12 16\"><\/polyline><line x1=\"16\" y1=\"12\" x2=\"8\" y2=\"12\"><\/line><\/svg><\/div><\/a><\/div><\/div>\n<\/div>\n\n\n\n<div class=\"wp-block-column is-layout-flow wp-block-column-is-layout-flow\" style=\"--col-width:50%;flex-basis:50%\"><\/div>\n\n\n\n<div class=\"wp-block-column is-layout-flow wp-block-column-is-layout-flow\" style=\"--col-width:25%;flex-basis:25%\"><style id=\"kt-blocks_e51fb2-60\">.kt-svg-icons_e51fb2-60 .kt-svg-item-0:hover .kt-svg-icon {color:#0F8B8D!important;}<\/style>\n<div class=\"wp-block-kadence-icon kt-svg-icons kt-svg-icons_e51fb2-60 alignnone\" style=\"text-align:center\"><div class=\"kt-svg-style-default kt-svg-icon-wrap kt-svg-item-0\"><a href=\"https:\/\/ceam.cdtc.unb.br\/index.php\/historias-cruzadas\/hcpg69_magno_assis\/\" class=\"kt-svg-icon-link\"><div style=\"display:inline-flex;justify-content:center;align-items:center;color:#444444\" class=\"kt-svg-icon kt-svg-icon-fe_arrowRightCircle\"><svg style=\"display:inline-block;vertical-align:middle\" viewbox=\"0 0 24 24\" height=\"50\" width=\"50\" fill=\"none\" stroke=\"currentColor\" xmlns=\"http:\/\/www.w3.org\/2000\/svg\" stroke-width=\"2\" stroke-linecap=\"round\" stroke-linejoin=\"round\"><title>Pr\u00f3xima P\u00e1gina<\/title><circle cx=\"12\" cy=\"12\" r=\"10\"><\/circle><polyline points=\"12 16 16 12 12 8\"><\/polyline><line x1=\"8\" y1=\"12\" x2=\"16\" y2=\"12\"><\/line><\/svg><\/div><\/a><\/div><\/div>\n<\/div>\n<\/div>\n","protected":false},"excerpt":{"rendered":"<p>Maria Madalena Torres &#8211; CARTA DE \u2026 <\/p>\n","protected":false},"author":2,"featured_media":0,"parent":77,"menu_order":0,"comment_status":"closed","ping_status":"closed","template":"","meta":{"footnotes":""},"class_list":["post-855","page","type-page","status-publish","hentry"],"_links":{"self":[{"href":"https:\/\/memoria.ceam.unb.br\/index.php\/wp-json\/wp\/v2\/pages\/855","targetHints":{"allow":["GET"]}}],"collection":[{"href":"https:\/\/memoria.ceam.unb.br\/index.php\/wp-json\/wp\/v2\/pages"}],"about":[{"href":"https:\/\/memoria.ceam.unb.br\/index.php\/wp-json\/wp\/v2\/types\/page"}],"author":[{"embeddable":true,"href":"https:\/\/memoria.ceam.unb.br\/index.php\/wp-json\/wp\/v2\/users\/2"}],"replies":[{"embeddable":true,"href":"https:\/\/memoria.ceam.unb.br\/index.php\/wp-json\/wp\/v2\/comments?post=855"}],"version-history":[{"count":3,"href":"https:\/\/memoria.ceam.unb.br\/index.php\/wp-json\/wp\/v2\/pages\/855\/revisions"}],"predecessor-version":[{"id":1048,"href":"https:\/\/memoria.ceam.unb.br\/index.php\/wp-json\/wp\/v2\/pages\/855\/revisions\/1048"}],"up":[{"embeddable":true,"href":"https:\/\/memoria.ceam.unb.br\/index.php\/wp-json\/wp\/v2\/pages\/77"}],"wp:attachment":[{"href":"https:\/\/memoria.ceam.unb.br\/index.php\/wp-json\/wp\/v2\/media?parent=855"}],"curies":[{"name":"wp","href":"https:\/\/api.w.org\/{rel}","templated":true}]}}