{"id":904,"date":"2021-09-23T18:17:25","date_gmt":"2021-09-23T21:17:25","guid":{"rendered":"https:\/\/ceam.cdtc.unb.br\/index.php\/historias-cruzadas\/hcpg79_maria_luciaps-2\/"},"modified":"2021-09-26T18:29:33","modified_gmt":"2021-09-26T21:29:33","slug":"hcpg80_maria_luciavr","status":"publish","type":"page","link":"https:\/\/memoria.ceam.unb.br\/index.php\/historias-cruzadas\/hcpg80_maria_luciavr\/","title":{"rendered":"hcpg80_maria_luciaVR"},"content":{"rendered":"\n<figure class=\"wp-block-image size-large\"><img loading=\"lazy\" decoding=\"async\" width=\"1024\" height=\"27\" src=\"https:\/\/ceam.cdtc.unb.br\/wp-content\/uploads\/2021\/09\/cabecalho01_historias_cruzadas-1024x27.jpg\" alt=\"\" class=\"wp-image-553\"\/><\/figure>\n\n\n\n<figure class=\"wp-block-audio\"><audio controls src=\"https:\/\/ceam.cdtc.unb.br\/wp-content\/uploads\/2021\/09\/Ma-Lucia-Pinto-Leal-Prof.-Viviane-Resende-1.mp3\"><\/audio><\/figure>\n\n\n<style id=\"kt-blocks_20df2c-41\">#kt-adv-heading_20df2c-41, #kt-adv-heading_20df2c-41 .wp-block-kadence-advancedheading, .wp-block-kadence-advancedheading.kt-adv-heading_20df2c-41[data-kb-block=\"kb-adv-heading_20df2c-41\"], .kadence-advanced-heading-wrapper .kt-adv-heading_20df2c-41[data-kb-block=\"kb-adv-heading_20df2c-41\"]{text-align:center;color:#167abe;}<\/style>\n<h5 class=\"kt-adv-heading_20df2c-41 wp-block-kadence-advancedheading\" data-kb-block=\"kb-adv-heading_20df2c-41\">Pequeno discurso em sua homenagem, por ocasi\u00e3o da outorga do T\u00edtulo &#8211; Por Vivane Resende<\/h5>\n\n\n\n<p><\/p>\n\n\n\n<div class=\"wp-block-columns is-layout-flex wp-container-core-columns-is-layout-9d6595d7 wp-block-columns-is-layout-flex\">\n<div class=\"wp-block-column is-layout-flow wp-block-column-is-layout-flow\" style=\"--col-width:15%;flex-basis:15%\"><\/div>\n\n\n\n<div class=\"wp-block-column is-layout-flow wp-block-column-is-layout-flow\" style=\"--col-width:100%;flex-basis:100%\">\n<p>Boa tarde a todas, boa tarde a todos.<\/p>\n\n\n\n<p><br>Cumprimento nossa Magn\u00edfica Reitora reeleita, profa. M\u00e1rcia Abrah\u00e3o, a profa. Eva Faleiros, oradora nesta cerim\u00f4nia, a homenageada de hoje, profa. Maria Lucia Pinto Leal, a nossa querida Baiana do CEAM, e em seu nome toda a comitiva que a acompanha nesta cerim\u00f4nia. Cumprimento tamb\u00e9m toda a comunidade do CEAM, que hoje mais uma vez tem oportunidade de vibrar orgulhosa com L\u00facia. Em\u00e9rita! E nossa comunidade bem sabe como merece!<\/p>\n\n\n\n<p><br>Maria L\u00facia Pinto Leal, aos 14 anos, menina, viu-se na cidade recente, como<br>que ainda em constru\u00e7\u00e3o. Encantada \u201cpelas retas curvil\u00edneas\u201d, paradoxos de \u201cviagem concreta\u201d daquela capital \u2013 como ela mesma nos conta em alguns de seus pr\u00f3prios versos naquele poema em homenagem aos 50 anos de Bras\u00edlia \u2013 e j\u00e1 se v\u00e3o mais dez. Como corre o tempo!<\/p>\n\n\n\n<p><br>A cidade entrela\u00e7ou as lutas de Maria L\u00facia, as acad\u00eamicas e as sociais. Crian\u00e7as e adolescentes, explora\u00e7\u00e3o sexual, tr\u00e1fico de pessoas, movimentos \u2013 eis os temas que lhe brilham os olhos e lhe fazem ferver o sangue. Em L\u00facia, a atua\u00e7\u00e3o acad\u00eamica nunca se apartou da milit\u00e2ncia que a move no mundo. Veio reconhecimento por sua disposi\u00e7\u00e3o para agir.<\/p>\n\n\n\n<p><br>Em 1995, cofundadora do CECRIA \u2013 Centro de Refer\u00eancia, Estudos e A\u00e7\u00f5es sobre Crian\u00e7as e Adolescentes. E n\u00e3o para, move-se em atenta atividade. Luta e poesia, dor e can\u00e7\u00e3o guiam seus passos firmes \u2013 entre a pol\u00edtica e o sarau \u2013 professora, pesquisadora, gestora, cineasta, poeta. Acad\u00eamica brilhante, criativa e talentosa. \u00c9 dura a caminhada, e a universidade se converte no palco de sua a\u00e7\u00e3o.<\/p>\n\n\n\n<p><br>Depois, coordenadora do N\u00facleo de Estudos da Inf\u00e2ncia e da Juventude (NEIJ), do Centro de Estudos Avan\u00e7ados Multidisciplinares, o CEAM. Neste Centro, ocupou o cargo de Diretora entre 2016 e 2019, e as marcas da sua presen\u00e7a s\u00e3o vis\u00edveis a quem quer que tenha a mem\u00f3ria para comparar. Sua gest\u00e3o j\u00e1 foi referida como \u201crefunda\u00e7\u00e3o\u201d, tamanha a revolu\u00e7\u00e3o que causou. Pudera, L\u00facia \u00e9 assim: revolucion\u00e1ria. Onde h\u00e1 o que fazer, arrega\u00e7a mangas, busca parcerias e diz: vamos! E, orgulhosa, repara a obra, mede os avan\u00e7os, destaca as vit\u00f3rias. Orgulhosa, sim, como n\u00e3o?<\/p>\n\n\n\n<p><br>Agora ouviu o chamado do mar, e segue sua luta em outras quebradas. Vai<br>arrega\u00e7ar mangas na luta de pescadores, vai somar com Pier, de jangada nova, amarela. E a Baiana nesta Bras\u00edlia, nesta Universidade de Bras\u00edlia, deixa saudades. Mas vira e mexe lhe chega daqui um pedido de conselho, uma pergunta: como fa\u00e7o? L\u00facia generosa atende, escuta, responde. V\u00e1 por aqui. Fa\u00e7a.<\/p>\n\n\n\n<p><br>Gratid\u00e3o, querida professora, por ser for\u00e7a e inspira\u00e7\u00e3o<\/p>\n<\/div>\n\n\n\n<div class=\"wp-block-column is-layout-flow wp-block-column-is-layout-flow\" style=\"--col-width:15%;flex-basis:15%\"><\/div>\n<\/div>\n\n\n\n<div class=\"wp-block-kadence-spacer aligncenter kt-block-spacer-_ec2425-a2\"><div class=\"kt-block-spacer kt-block-spacer-halign-center\" style=\"height:25px\"><hr class=\"kt-divider\" style=\"border-top-color:#eee;border-top-width:1px;width:80%;border-top-style:solid\"\/><\/div><\/div>\n\n\n\n<div class=\"wp-block-columns is-layout-flex wp-container-core-columns-is-layout-9d6595d7 wp-block-columns-is-layout-flex\">\n<div class=\"wp-block-column is-layout-flow wp-block-column-is-layout-flow\" style=\"--col-width:25%;flex-basis:25%\"><style id=\"kt-blocks_957cab-4e\">.kt-svg-icons_957cab-4e .kt-svg-item-0:hover .kt-svg-icon {color:#0F8B8D!important;}<\/style>\n<div class=\"wp-block-kadence-icon kt-svg-icons kt-svg-icons_957cab-4e alignnone\" style=\"text-align:center\"><div class=\"kt-svg-style-default kt-svg-icon-wrap kt-svg-item-0\"><a href=\"https:\/\/ceam.cdtc.unb.br\/index.php\/historias-cruzadas\/hcpg79_maria_luciaps\/\" class=\"kt-svg-icon-link\"><div style=\"display:inline-flex;justify-content:center;align-items:center;color:#444444\" class=\"kt-svg-icon kt-svg-icon-fe_arrowLeftCircle\"><svg style=\"display:inline-block;vertical-align:middle\" viewbox=\"0 0 24 24\" height=\"50\" width=\"50\" fill=\"none\" stroke=\"currentColor\" xmlns=\"http:\/\/www.w3.org\/2000\/svg\" stroke-width=\"2\" stroke-linecap=\"round\" stroke-linejoin=\"round\"><title>P\u00e1gina Anterior<\/title><circle cx=\"12\" cy=\"12\" r=\"10\"><\/circle><polyline points=\"12 8 8 12 12 16\"><\/polyline><line x1=\"16\" y1=\"12\" x2=\"8\" y2=\"12\"><\/line><\/svg><\/div><\/a><\/div><\/div>\n<\/div>\n\n\n\n<div class=\"wp-block-column is-layout-flow wp-block-column-is-layout-flow\" style=\"--col-width:50%;flex-basis:50%\"><\/div>\n\n\n\n<div class=\"wp-block-column is-layout-flow wp-block-column-is-layout-flow\" style=\"--col-width:25%;flex-basis:25%\"><style id=\"kt-blocks_a20bf9-b5\">.kt-svg-icons_a20bf9-b5 .kt-svg-item-0:hover .kt-svg-icon {color:#0F8B8D!important;}<\/style>\n<div class=\"wp-block-kadence-icon kt-svg-icons kt-svg-icons_a20bf9-b5 alignnone\" style=\"text-align:center\"><div class=\"kt-svg-style-default kt-svg-icon-wrap kt-svg-item-0\"><a href=\"https:\/\/ceam.cdtc.unb.br\/index.php\/historias-cruzadas\/hcpg81_maria_luciair\/\" class=\"kt-svg-icon-link\"><div style=\"display:inline-flex;justify-content:center;align-items:center;color:#444444\" class=\"kt-svg-icon kt-svg-icon-fe_arrowRightCircle\"><svg style=\"display:inline-block;vertical-align:middle\" viewbox=\"0 0 24 24\" height=\"50\" width=\"50\" fill=\"none\" stroke=\"currentColor\" xmlns=\"http:\/\/www.w3.org\/2000\/svg\" stroke-width=\"2\" stroke-linecap=\"round\" stroke-linejoin=\"round\"><title>Pr\u00f3xima P\u00e1gina<\/title><circle cx=\"12\" cy=\"12\" r=\"10\"><\/circle><polyline points=\"12 16 16 12 12 8\"><\/polyline><line x1=\"8\" y1=\"12\" x2=\"16\" y2=\"12\"><\/line><\/svg><\/div><\/a><\/div><\/div>\n<\/div>\n<\/div>\n","protected":false},"excerpt":{"rendered":"<p>Pequeno discurso em sua homenagem, por \u2026 <\/p>\n","protected":false},"author":2,"featured_media":0,"parent":77,"menu_order":0,"comment_status":"closed","ping_status":"closed","template":"","meta":{"footnotes":""},"class_list":["post-904","page","type-page","status-publish","hentry"],"_links":{"self":[{"href":"https:\/\/memoria.ceam.unb.br\/index.php\/wp-json\/wp\/v2\/pages\/904","targetHints":{"allow":["GET"]}}],"collection":[{"href":"https:\/\/memoria.ceam.unb.br\/index.php\/wp-json\/wp\/v2\/pages"}],"about":[{"href":"https:\/\/memoria.ceam.unb.br\/index.php\/wp-json\/wp\/v2\/types\/page"}],"author":[{"embeddable":true,"href":"https:\/\/memoria.ceam.unb.br\/index.php\/wp-json\/wp\/v2\/users\/2"}],"replies":[{"embeddable":true,"href":"https:\/\/memoria.ceam.unb.br\/index.php\/wp-json\/wp\/v2\/comments?post=904"}],"version-history":[{"count":4,"href":"https:\/\/memoria.ceam.unb.br\/index.php\/wp-json\/wp\/v2\/pages\/904\/revisions"}],"predecessor-version":[{"id":1212,"href":"https:\/\/memoria.ceam.unb.br\/index.php\/wp-json\/wp\/v2\/pages\/904\/revisions\/1212"}],"up":[{"embeddable":true,"href":"https:\/\/memoria.ceam.unb.br\/index.php\/wp-json\/wp\/v2\/pages\/77"}],"wp:attachment":[{"href":"https:\/\/memoria.ceam.unb.br\/index.php\/wp-json\/wp\/v2\/media?parent=904"}],"curies":[{"name":"wp","href":"https:\/\/api.w.org\/{rel}","templated":true}]}}