{"id":946,"date":"2021-09-23T19:02:42","date_gmt":"2021-09-23T22:02:42","guid":{"rendered":"https:\/\/ceam.cdtc.unb.br\/index.php\/historias-cruzadas\/hcpg89_milton_de_mellovs-2\/"},"modified":"2021-09-24T12:12:15","modified_gmt":"2021-09-24T15:12:15","slug":"hcpg90_milton_de_melloip","status":"publish","type":"page","link":"https:\/\/memoria.ceam.unb.br\/index.php\/historias-cruzadas\/hcpg90_milton_de_melloip\/","title":{"rendered":"hcpg90_milton_de_melloIP"},"content":{"rendered":"\n<figure class=\"wp-block-image size-large\"><img loading=\"lazy\" decoding=\"async\" width=\"1024\" height=\"27\" src=\"https:\/\/ceam.cdtc.unb.br\/wp-content\/uploads\/2021\/09\/cabecalho01_historias_cruzadas-1024x27.jpg\" alt=\"\" class=\"wp-image-553\"\/><\/figure>\n\n\n\n<figure class=\"wp-block-audio\"><audio controls src=\"https:\/\/ceam.cdtc.unb.br\/wp-content\/uploads\/2021\/09\/Milton-Thiago-Irene-do-Planalto.mp3\"><\/audio><\/figure>\n\n\n<style id=\"kt-blocks_20df2c-41\">#kt-adv-heading_20df2c-41, #kt-adv-heading_20df2c-41 .wp-block-kadence-advancedheading, .wp-block-kadence-advancedheading.kt-adv-heading_20df2c-41[data-kb-block=\"kb-adv-heading_20df2c-41\"], .kadence-advanced-heading-wrapper .kt-adv-heading_20df2c-41[data-kb-block=\"kb-adv-heading_20df2c-41\"]{text-align:center;color:#167abe;}<\/style>\n<h5 class=\"kt-adv-heading_20df2c-41 wp-block-kadence-advancedheading\" data-kb-block=\"kb-adv-heading_20df2c-41\">Homenagem a Milton Thiago de Mello &#8211; Por Irene do Planalto<\/h5>\n\n\n\n<p><\/p>\n\n\n\n<div class=\"wp-block-columns is-layout-flex wp-container-core-columns-is-layout-9d6595d7 wp-block-columns-is-layout-flex\">\n<div class=\"wp-block-column is-layout-flow wp-block-column-is-layout-flow\" style=\"--col-width:15%;flex-basis:15%\"><\/div>\n\n\n\n<div class=\"wp-block-column is-layout-flow wp-block-column-is-layout-flow\" style=\"--col-width:100%;flex-basis:100%\">\n<p class=\"has-text-align-center\">De pequenas c\u00e9lulas \u00e0s confer\u00eancias grandes,<br>me encanto com cada instante.<\/p>\n\n\n\n<p class=\"has-text-align-center\"><br>Todas as descobertas, nesses longos anos,<br>os animais que cuidei,<br>as viagens que fiz,<br>tornei-me refer\u00eancia<br>e fui muito feliz.<\/p>\n\n\n\n<p class=\"has-text-align-center\"><br>Vi o mundo mudar,<br>estudei evolu\u00e7\u00f5es,<br>fiz o meu melhor<br>e compartilhei com as gera\u00e7\u00f5es.<\/p>\n\n\n\n<p class=\"has-text-align-center\"><br>Tanto j\u00e1 realizei e ainda tenho sonhos<br>at\u00e9 macacos levam meu nome<br>Resgato minha inf\u00e2ncia em cor e dan\u00e7a<br>sou futurista com alma de crian\u00e7a<\/p>\n<\/div>\n\n\n\n<div class=\"wp-block-column is-layout-flow wp-block-column-is-layout-flow\" style=\"--col-width:15%;flex-basis:15%\"><\/div>\n<\/div>\n\n\n\n<div class=\"wp-block-kadence-spacer aligncenter kt-block-spacer-_ec2425-a2\"><div class=\"kt-block-spacer kt-block-spacer-halign-center\" style=\"height:25px\"><hr class=\"kt-divider\" style=\"border-top-color:#eee;border-top-width:1px;width:80%;border-top-style:solid\"\/><\/div><\/div>\n\n\n\n<div class=\"wp-block-columns is-layout-flex wp-container-core-columns-is-layout-9d6595d7 wp-block-columns-is-layout-flex\">\n<div class=\"wp-block-column is-layout-flow wp-block-column-is-layout-flow\" style=\"--col-width:25%;flex-basis:25%\"><style id=\"kt-blocks_957cab-4e\">.kt-svg-icons_957cab-4e .kt-svg-item-0:hover .kt-svg-icon {color:#0F8B8D!important;}<\/style>\n<div class=\"wp-block-kadence-icon kt-svg-icons kt-svg-icons_957cab-4e alignnone\" style=\"text-align:center\"><div class=\"kt-svg-style-default kt-svg-icon-wrap kt-svg-item-0\"><a href=\"https:\/\/ceam.cdtc.unb.br\/index.php\/historias-cruzadas\/hcpg89_milton_de_mellovs\/\" class=\"kt-svg-icon-link\"><div style=\"display:inline-flex;justify-content:center;align-items:center;color:#444444\" class=\"kt-svg-icon kt-svg-icon-fe_arrowLeftCircle\"><svg style=\"display:inline-block;vertical-align:middle\" viewbox=\"0 0 24 24\" height=\"50\" width=\"50\" fill=\"none\" stroke=\"currentColor\" xmlns=\"http:\/\/www.w3.org\/2000\/svg\" stroke-width=\"2\" stroke-linecap=\"round\" stroke-linejoin=\"round\"><title>P\u00e1gina Anterior<\/title><circle cx=\"12\" cy=\"12\" r=\"10\"><\/circle><polyline points=\"12 8 8 12 12 16\"><\/polyline><line x1=\"16\" y1=\"12\" x2=\"8\" y2=\"12\"><\/line><\/svg><\/div><\/a><\/div><\/div>\n<\/div>\n\n\n\n<div class=\"wp-block-column is-layout-flow wp-block-column-is-layout-flow\" style=\"--col-width:50%;flex-basis:50%\"><\/div>\n\n\n\n<div class=\"wp-block-column is-layout-flow wp-block-column-is-layout-flow\" style=\"--col-width:25%;flex-basis:25%\"><style id=\"kt-blocks_a20bf9-b5\">.kt-svg-icons_a20bf9-b5 .kt-svg-item-0:hover .kt-svg-icon {color:#0F8B8D!important;}<\/style>\n<div class=\"wp-block-kadence-icon kt-svg-icons kt-svg-icons_a20bf9-b5 alignnone\" style=\"text-align:center\"><div class=\"kt-svg-style-default kt-svg-icon-wrap kt-svg-item-0\"><a href=\"https:\/\/ceam.cdtc.unb.br\/index.php\/historias-cruzadas\/hcpg91_milton_de_mello_mmcarta\/\" class=\"kt-svg-icon-link\"><div style=\"display:inline-flex;justify-content:center;align-items:center;color:#444444\" class=\"kt-svg-icon kt-svg-icon-fe_arrowRightCircle\"><svg style=\"display:inline-block;vertical-align:middle\" viewbox=\"0 0 24 24\" height=\"50\" width=\"50\" fill=\"none\" stroke=\"currentColor\" xmlns=\"http:\/\/www.w3.org\/2000\/svg\" stroke-width=\"2\" stroke-linecap=\"round\" stroke-linejoin=\"round\"><title>Pr\u00f3xima P\u00e1gina<\/title><circle cx=\"12\" cy=\"12\" r=\"10\"><\/circle><polyline points=\"12 16 16 12 12 8\"><\/polyline><line x1=\"8\" y1=\"12\" x2=\"16\" y2=\"12\"><\/line><\/svg><\/div><\/a><\/div><\/div>\n<\/div>\n<\/div>\n","protected":false},"excerpt":{"rendered":"<p>Homenagem a Milton Thiago de Mello \u2026 <\/p>\n","protected":false},"author":2,"featured_media":0,"parent":77,"menu_order":0,"comment_status":"closed","ping_status":"closed","template":"","meta":{"footnotes":""},"class_list":["post-946","page","type-page","status-publish","hentry"],"_links":{"self":[{"href":"https:\/\/memoria.ceam.unb.br\/index.php\/wp-json\/wp\/v2\/pages\/946","targetHints":{"allow":["GET"]}}],"collection":[{"href":"https:\/\/memoria.ceam.unb.br\/index.php\/wp-json\/wp\/v2\/pages"}],"about":[{"href":"https:\/\/memoria.ceam.unb.br\/index.php\/wp-json\/wp\/v2\/types\/page"}],"author":[{"embeddable":true,"href":"https:\/\/memoria.ceam.unb.br\/index.php\/wp-json\/wp\/v2\/users\/2"}],"replies":[{"embeddable":true,"href":"https:\/\/memoria.ceam.unb.br\/index.php\/wp-json\/wp\/v2\/comments?post=946"}],"version-history":[{"count":2,"href":"https:\/\/memoria.ceam.unb.br\/index.php\/wp-json\/wp\/v2\/pages\/946\/revisions"}],"predecessor-version":[{"id":1072,"href":"https:\/\/memoria.ceam.unb.br\/index.php\/wp-json\/wp\/v2\/pages\/946\/revisions\/1072"}],"up":[{"embeddable":true,"href":"https:\/\/memoria.ceam.unb.br\/index.php\/wp-json\/wp\/v2\/pages\/77"}],"wp:attachment":[{"href":"https:\/\/memoria.ceam.unb.br\/index.php\/wp-json\/wp\/v2\/media?parent=946"}],"curies":[{"name":"wp","href":"https:\/\/api.w.org\/{rel}","templated":true}]}}